{"id":100,"date":"2023-02-19T00:28:28","date_gmt":"2023-02-18T23:28:28","guid":{"rendered":"https:\/\/ie.uek.krakow.pl\/ke\/?page_id=100"},"modified":"2026-01-12T13:54:56","modified_gmt":"2026-01-12T12:54:56","slug":"aktualnosci","status":"publish","type":"page","link":"https:\/\/injzp.uek.krakow.pl\/kco\/aktualnosci\/","title":{"rendered":"Aktualno\u015bci"},"content":{"rendered":"\t\t<div data-elementor-type=\"wp-page\" data-elementor-id=\"100\" class=\"elementor elementor-100\" data-elementor-post-type=\"page\">\n\t\t\t\t\t\t<section data-particle_enable=\"false\" data-particle-mobile-disabled=\"false\" class=\"elementor-section elementor-top-section elementor-element elementor-element-b303937 elementor-section-boxed elementor-section-height-default elementor-section-height-default\" data-id=\"b303937\" data-element_type=\"section\" data-settings=\"{&quot;jet_parallax_layout_list&quot;:[]}\">\n\t\t\t\t\t\t<div class=\"elementor-container elementor-column-gap-default\">\n\t\t\t\t\t<div class=\"elementor-column elementor-col-100 elementor-top-column elementor-element elementor-element-5a13797\" data-id=\"5a13797\" data-element_type=\"column\">\n\t\t\t<div class=\"elementor-widget-wrap\">\n\t\t\t\t\t\t\t<\/div>\n\t\t<\/div>\n\t\t\t\t\t<\/div>\n\t\t<\/section>\n\t\t\t\t<section data-particle_enable=\"false\" data-particle-mobile-disabled=\"false\" class=\"elementor-section elementor-top-section elementor-element elementor-element-407132d elementor-section-full_width elementor-section-height-default elementor-section-height-default\" data-id=\"407132d\" data-element_type=\"section\" data-settings=\"{&quot;jet_parallax_layout_list&quot;:[]}\">\n\t\t\t\t\t\t<div class=\"elementor-container elementor-column-gap-default\">\n\t\t\t\t\t<div class=\"elementor-column elementor-col-100 elementor-top-column elementor-element elementor-element-1b80952\" data-id=\"1b80952\" data-element_type=\"column\">\n\t\t\t<div class=\"elementor-widget-wrap elementor-element-populated\">\n\t\t\t\t\t\t<div class=\"elementor-element elementor-element-af35cc2 elementor-widget__width-initial elementor-widget elementor-widget-text-editor\" data-id=\"af35cc2\" data-element_type=\"widget\" data-widget_type=\"text-editor.default\">\n\t\t\t\t<div class=\"elementor-widget-container\">\n\t\t\t\t\t\t\t\t\t<p><strong>\u00a0 \u00a0 \u00a0 Og\u0142oszenie<\/strong><\/p><p>\u00a0 \u00a0 \u00a0W dniach 15.01.2026 r. oraz 29.01.2026 r. odb\u0119d\u0105 si\u0119 Msze \u015aw. w Ko\u015bciele \u015aw. Szczepana przy ul. H. Sienkiewicza 19, o godz. 8.00, za\u00a0 zmar\u0142ych pracownik\u00f3w Katedry Chemii Og\u00f3lnej.<\/p>\t\t\t\t\t\t\t\t<\/div>\n\t\t\t\t<\/div>\n\t\t\t\t<div class=\"elementor-element elementor-element-f146c59 elementor-grid-eael-col-1 elementor-grid-tablet-eael-col-1 elementor-widget__width-initial elementor-grid-mobile-eael-col-1 elementor-widget elementor-widget-eael-post-grid\" data-id=\"f146c59\" data-element_type=\"widget\" data-settings=\"{&quot;eael_post_grid_columns&quot;:&quot;eael-col-1&quot;,&quot;eael_post_grid_columns_tablet&quot;:&quot;eael-col-1&quot;,&quot;eael_post_grid_columns_mobile&quot;:&quot;eael-col-1&quot;}\" data-widget_type=\"eael-post-grid.default\">\n\t\t\t\t<div class=\"elementor-widget-container\">\n\t\t\t\t\t<div id=\"eael-post-grid-f146c59\" class=\"eael-post-grid-container\">\n            <div class=\"eael-post-grid eael-post-appender eael-post-appender-f146c59 eael-post-grid-style-two\" data-layout-mode=\"grid\"><article class=\"eael-grid-post eael-post-grid-column\" data-id=\"471\">\n        <div class=\"eael-grid-post-holder\">\n            <div class=\"eael-grid-post-holder-inner\"><div class=\"eael-entry-wrapper\"><header class=\"eael-entry-header\"><h2 class=\"eael-entry-title\"><a class=\"eael-grid-post-link\" href=\"https:\/\/injzp.uek.krakow.pl\/kco\/2024\/02\/27\/informacje-dla-studentow-z-niepelnosprawnoscia\/\" title=\"Informacje dla student\u00f3w z&nbsp;niepe\u0142nosprawno\u015bci\u0105\">Informacje dla student\u00f3w z&nbsp;niepe\u0142nosprawno\u015bci\u0105<\/a><\/h2><\/header><div class=\"eael-entry-header-after style-two\"><div class=\"eael-entry-meta\"><span class=\"eael-posted-on eael-meta-posted-on\"><i class=\"far fa-clock\"><\/i><time datetime=\"2024-02-27\">2024-02-27<\/time><\/span><\/div><\/div><div class=\"eael-entry-content\">\n                                    <div class=\"eael-grid-post-excerpt\"><a\n                                        href=\"https:\/\/injzp.uek.krakow.pl\/kco\/2024\/02\/27\/informacje-dla-studentow-z-niepelnosprawnoscia\/\"\n                                        class=\"eael-post-elements-readmore-btn\">Czytaj wi\u0119cej  \u2013&gt;<\/a><\/div>\n                                <\/div><\/div><\/div>\n        <\/div>\n    <\/article><\/div>\n            <div class=\"clearfix\"><\/div>\n        <\/div>\t\t\t\t<\/div>\n\t\t\t\t<\/div>\n\t\t\t\t\t<\/div>\n\t\t<\/div>\n\t\t\t\t\t<\/div>\n\t\t<\/section>\n\t\t\t\t<\/div>\n\t\t","protected":false},"excerpt":{"rendered":"<p>\u00a0 \u00a0 \u00a0 Og\u0142oszenie \u00a0 \u00a0 \u00a0W dniach 15.01.2026 r. oraz 29.01.2026 r. odb\u0119d\u0105 si\u0119 Msze \u015aw. w Ko\u015bciele \u015aw. Szczepana przy ul. H. Sienkiewicza 19, o godz. 8.00, za\u00a0 zmar\u0142ych pracownik\u00f3w Katedry Chemii Og\u00f3lnej. Informacje dla student\u00f3w z&nbsp;niepe\u0142nosprawno\u015bci\u0105 2024-02-27 Czytaj wi\u0119cej \u2013&gt;<\/p>\n","protected":false},"author":1,"featured_media":0,"parent":0,"menu_order":0,"comment_status":"closed","ping_status":"closed","template":"elementor_header_footer","meta":{"footnotes":""},"class_list":["post-100","page","type-page","status-publish","hentry"],"_links":{"self":[{"href":"https:\/\/injzp.uek.krakow.pl\/kco\/wp-json\/wp\/v2\/pages\/100","targetHints":{"allow":["GET"]}}],"collection":[{"href":"https:\/\/injzp.uek.krakow.pl\/kco\/wp-json\/wp\/v2\/pages"}],"about":[{"href":"https:\/\/injzp.uek.krakow.pl\/kco\/wp-json\/wp\/v2\/types\/page"}],"author":[{"embeddable":true,"href":"https:\/\/injzp.uek.krakow.pl\/kco\/wp-json\/wp\/v2\/users\/1"}],"replies":[{"embeddable":true,"href":"https:\/\/injzp.uek.krakow.pl\/kco\/wp-json\/wp\/v2\/comments?post=100"}],"version-history":[{"count":60,"href":"https:\/\/injzp.uek.krakow.pl\/kco\/wp-json\/wp\/v2\/pages\/100\/revisions"}],"predecessor-version":[{"id":3124,"href":"https:\/\/injzp.uek.krakow.pl\/kco\/wp-json\/wp\/v2\/pages\/100\/revisions\/3124"}],"wp:attachment":[{"href":"https:\/\/injzp.uek.krakow.pl\/kco\/wp-json\/wp\/v2\/media?parent=100"}],"curies":[{"name":"wp","href":"https:\/\/api.w.org\/{rel}","templated":true}]}}