{"id":174,"date":"2023-02-19T01:50:07","date_gmt":"2023-02-19T00:50:07","guid":{"rendered":"https:\/\/ie.uek.krakow.pl\/ke\/?page_id=174"},"modified":"2026-03-05T08:49:43","modified_gmt":"2026-03-05T07:49:43","slug":"pracownicy-pl","status":"publish","type":"page","link":"https:\/\/injzp.uek.krakow.pl\/km\/pracownicy-pl\/","title":{"rendered":"Pracownicy"},"content":{"rendered":"\t\t<div data-elementor-type=\"wp-page\" data-elementor-id=\"174\" class=\"elementor elementor-174\" data-elementor-post-type=\"page\">\n\t\t\t\t\t\t<section data-particle_enable=\"false\" data-particle-mobile-disabled=\"false\" class=\"elementor-section elementor-top-section elementor-element elementor-element-57d9013 elementor-section-boxed elementor-section-height-default elementor-section-height-default\" data-id=\"57d9013\" data-element_type=\"section\" data-settings=\"{&quot;jet_parallax_layout_list&quot;:[]}\">\n\t\t\t\t\t\t<div class=\"elementor-container elementor-column-gap-default\">\n\t\t\t\t\t<div class=\"elementor-column elementor-col-100 elementor-top-column elementor-element elementor-element-5114ec2\" data-id=\"5114ec2\" data-element_type=\"column\">\n\t\t\t<div class=\"elementor-widget-wrap elementor-element-populated\">\n\t\t\t\t\t\t<section data-particle_enable=\"false\" data-particle-mobile-disabled=\"false\" class=\"elementor-section elementor-inner-section elementor-element elementor-element-0245c90 elementor-section-boxed elementor-section-height-default elementor-section-height-default\" data-id=\"0245c90\" data-element_type=\"section\" data-settings=\"{&quot;jet_parallax_layout_list&quot;:[],&quot;background_background&quot;:&quot;classic&quot;,&quot;shape_divider_bottom&quot;:&quot;arrow&quot;,&quot;shape_divider_bottom_negative&quot;:&quot;yes&quot;}\">\n\t\t\t\t\t<div class=\"elementor-shape elementor-shape-bottom\" data-negative=\"true\">\n\t\t\t<svg xmlns=\"http:\/\/www.w3.org\/2000\/svg\" viewBox=\"0 0 700 10\" preserveAspectRatio=\"none\">\n\t<path class=\"elementor-shape-fill\" d=\"M360 0L350 9.9 340 0 0 0 0 10 700 10 700 0\"\/>\n<\/svg>\t\t<\/div>\n\t\t\t\t\t<div class=\"elementor-container elementor-column-gap-default\">\n\t\t\t\t\t<div class=\"elementor-column elementor-col-50 elementor-inner-column elementor-element elementor-element-4acca57\" data-id=\"4acca57\" data-element_type=\"column\">\n\t\t\t<div class=\"elementor-widget-wrap elementor-element-populated\">\n\t\t\t\t\t\t<div class=\"elementor-element elementor-element-8788607 elementor-widget elementor-widget-heading\" data-id=\"8788607\" data-element_type=\"widget\" data-widget_type=\"heading.default\">\n\t\t\t\t<div class=\"elementor-widget-container\">\n\t\t\t\t\t<h4 class=\"elementor-heading-title elementor-size-default\">Kierownik Katedry<\/h4>\t\t\t\t<\/div>\n\t\t\t\t<\/div>\n\t\t\t\t\t<\/div>\n\t\t<\/div>\n\t\t\t\t<div class=\"elementor-column elementor-col-50 elementor-inner-column elementor-element elementor-element-8bffd99\" data-id=\"8bffd99\" data-element_type=\"column\">\n\t\t\t<div class=\"elementor-widget-wrap elementor-element-populated\">\n\t\t\t\t\t\t<div class=\"elementor-element elementor-element-a45a62c elementor-widget elementor-widget-eael-post-list\" data-id=\"a45a62c\" data-element_type=\"widget\" data-widget_type=\"eael-post-list.default\">\n\t\t\t\t<div class=\"elementor-widget-container\">\n\t\t\t\t\t<div class=\"eael-post-list-container default layout-default\"><div class=\"eael-post-list-wrap\"><div class=\"eael-post-list-posts-wrap eael-post-appender eael-post-appender-a45a62c\"><div class=\"eael-post-list-post \"><div class=\"eael-post-list-thumbnail \"><a href=\"https:\/\/injzp.uek.krakow.pl\/km\/pracownicy\/prof-tomasz-sawoszczuk\/\">\n                            <img decoding=\"async\" src=\"https:\/\/injzp.uek.krakow.pl\/km\/wp-content\/uploads\/sites\/7\/2025\/02\/122-e1760085601917-844x1024.png\" alt=\"\">\n                        <\/a><\/div><div class=\"eael-post-list-content\"><h2 class=\"eael-post-list-title\"><a href=\"https:\/\/injzp.uek.krakow.pl\/km\/pracownicy\/prof-tomasz-sawoszczuk\/\" >dr hab. Tomasz Sawoszczuk, prof. UEK<\/a><\/h2><\/div><\/div><\/div><\/div>\n\t\t<\/div>\t\t\t\t<\/div>\n\t\t\t\t<\/div>\n\t\t\t\t\t<\/div>\n\t\t<\/div>\n\t\t\t\t\t<\/div>\n\t\t<\/section>\n\t\t\t\t\t<\/div>\n\t\t<\/div>\n\t\t\t\t\t<\/div>\n\t\t<\/section>\n\t\t\t\t<section data-particle_enable=\"false\" data-particle-mobile-disabled=\"false\" class=\"elementor-section elementor-top-section elementor-element elementor-element-dc709b3 elementor-section-boxed elementor-section-height-default elementor-section-height-default\" data-id=\"dc709b3\" data-element_type=\"section\" data-settings=\"{&quot;jet_parallax_layout_list&quot;:[]}\">\n\t\t\t\t\t\t<div class=\"elementor-container elementor-column-gap-default\">\n\t\t\t\t\t<div class=\"elementor-column elementor-col-100 elementor-top-column elementor-element elementor-element-a50b292\" data-id=\"a50b292\" data-element_type=\"column\">\n\t\t\t<div class=\"elementor-widget-wrap elementor-element-populated\">\n\t\t\t\t\t\t<section data-particle_enable=\"false\" data-particle-mobile-disabled=\"false\" class=\"elementor-section elementor-inner-section elementor-element elementor-element-4746d8b elementor-section-boxed elementor-section-height-default elementor-section-height-default\" data-id=\"4746d8b\" data-element_type=\"section\" data-settings=\"{&quot;jet_parallax_layout_list&quot;:[]}\">\n\t\t\t\t\t\t<div class=\"elementor-container elementor-column-gap-default\">\n\t\t\t\t\t<div class=\"elementor-column elementor-col-100 elementor-inner-column elementor-element elementor-element-c898eec\" data-id=\"c898eec\" data-element_type=\"column\">\n\t\t\t<div class=\"elementor-widget-wrap elementor-element-populated\">\n\t\t\t\t\t\t<div class=\"elementor-element elementor-element-6ab4557 elementor-widget elementor-widget-heading\" data-id=\"6ab4557\" data-element_type=\"widget\" data-widget_type=\"heading.default\">\n\t\t\t\t<div class=\"elementor-widget-container\">\n\t\t\t\t\t<h2 class=\"elementor-heading-title elementor-size-small\">Pozostali pracownicy naukowo-dydaktyczni\n<\/h2>\t\t\t\t<\/div>\n\t\t\t\t<\/div>\n\t\t\t\t\t<\/div>\n\t\t<\/div>\n\t\t\t\t\t<\/div>\n\t\t<\/section>\n\t\t\t\t\t<\/div>\n\t\t<\/div>\n\t\t\t\t\t<\/div>\n\t\t<\/section>\n\t\t\t\t<section data-particle_enable=\"false\" data-particle-mobile-disabled=\"false\" class=\"elementor-section elementor-top-section elementor-element elementor-element-cdc242c elementor-section-boxed elementor-section-height-default elementor-section-height-default\" data-id=\"cdc242c\" data-element_type=\"section\" data-settings=\"{&quot;jet_parallax_layout_list&quot;:[]}\">\n\t\t\t\t\t\t<div class=\"elementor-container elementor-column-gap-default\">\n\t\t\t\t\t<div class=\"elementor-column elementor-col-100 elementor-top-column elementor-element elementor-element-7344e97\" data-id=\"7344e97\" data-element_type=\"column\">\n\t\t\t<div class=\"elementor-widget-wrap elementor-element-populated\">\n\t\t\t\t\t\t<div class=\"elementor-element elementor-element-6946048 elementor-widget elementor-widget-eael-post-list\" data-id=\"6946048\" data-element_type=\"widget\" data-widget_type=\"eael-post-list.default\">\n\t\t\t\t<div class=\"elementor-widget-container\">\n\t\t\t\t\t<div class=\"eael-post-list-container default layout-default\"><div class=\"eael-post-list-wrap\"><div class=\"eael-post-list-posts-wrap eael-post-appender eael-post-appender-6946048\"><div class=\"eael-post-list-post \"><div class=\"eael-post-list-thumbnail \"><a href=\"https:\/\/injzp.uek.krakow.pl\/km\/pracownicy\/dr-beata-bober\/\">\n                            <img decoding=\"async\" src=\"https:\/\/injzp.uek.krakow.pl\/km\/wp-content\/uploads\/sites\/7\/2023\/02\/2-e1760085882752-300x300.jpg\" alt=\"\">\n                        <\/a><\/div><div class=\"eael-post-list-content\"><h2 class=\"eael-post-list-title\"><a href=\"https:\/\/injzp.uek.krakow.pl\/km\/pracownicy\/dr-beata-bober\/\" >dr Beata Bober<\/a><\/h2><\/div><\/div><div class=\"eael-post-list-post \"><div class=\"eael-post-list-thumbnail \"><a href=\"https:\/\/injzp.uek.krakow.pl\/km\/pracownicy\/prof-justyna-sygula\/\">\n                            <img decoding=\"async\" src=\"https:\/\/injzp.uek.krakow.pl\/km\/wp-content\/uploads\/sites\/7\/2023\/02\/2-e1760085882752-300x300.jpg\" alt=\"\">\n                        <\/a><\/div><div class=\"eael-post-list-content\"><h2 class=\"eael-post-list-title\"><a href=\"https:\/\/injzp.uek.krakow.pl\/km\/pracownicy\/prof-justyna-sygula\/\" >dr hab. Justyna Sygu\u0142a-Cholewi\u0144ska, prof. UEK<\/a><\/h2><\/div><\/div><div class=\"eael-post-list-post \"><div class=\"eael-post-list-thumbnail \"><a href=\"https:\/\/injzp.uek.krakow.pl\/km\/pracownicy\/dr-barbara-blyskal\/\">\n                            <img decoding=\"async\" src=\"https:\/\/injzp.uek.krakow.pl\/km\/wp-content\/uploads\/sites\/7\/2023\/02\/2-e1760085882752-300x300.jpg\" alt=\"\">\n                        <\/a><\/div><div class=\"eael-post-list-content\"><h2 class=\"eael-post-list-title\"><a href=\"https:\/\/injzp.uek.krakow.pl\/km\/pracownicy\/dr-barbara-blyskal\/\" >dr Barbara B\u0142yskal<\/a><\/h2><\/div><\/div><\/div><\/div>\n\t\t<\/div>\t\t\t\t<\/div>\n\t\t\t\t<\/div>\n\t\t\t\t<div class=\"elementor-element elementor-element-4549ac4 elementor-widget elementor-widget-heading\" data-id=\"4549ac4\" data-element_type=\"widget\" data-widget_type=\"heading.default\">\n\t\t\t\t<div class=\"elementor-widget-container\">\n\t\t\t\t\t<h2 class=\"elementor-heading-title elementor-size-small\">Technicy laboratoryjni<\/h2>\t\t\t\t<\/div>\n\t\t\t\t<\/div>\n\t\t\t\t\t<\/div>\n\t\t<\/div>\n\t\t\t\t\t<\/div>\n\t\t<\/section>\n\t\t\t\t<section data-particle_enable=\"false\" data-particle-mobile-disabled=\"false\" class=\"elementor-section elementor-top-section elementor-element elementor-element-07199c8 elementor-section-boxed elementor-section-height-default elementor-section-height-default\" data-id=\"07199c8\" data-element_type=\"section\" data-settings=\"{&quot;jet_parallax_layout_list&quot;:[]}\">\n\t\t\t\t\t\t<div class=\"elementor-container elementor-column-gap-default\">\n\t\t\t\t\t<div class=\"elementor-column elementor-col-100 elementor-top-column elementor-element elementor-element-af07507\" data-id=\"af07507\" data-element_type=\"column\">\n\t\t\t<div class=\"elementor-widget-wrap elementor-element-populated\">\n\t\t\t\t\t\t<div class=\"elementor-element elementor-element-9997cdd elementor-widget elementor-widget-eael-post-list\" data-id=\"9997cdd\" data-element_type=\"widget\" data-widget_type=\"eael-post-list.default\">\n\t\t\t\t<div class=\"elementor-widget-container\">\n\t\t\t\t\t<div class=\"eael-post-list-container default layout-default\"><div class=\"eael-post-list-wrap\"><div class=\"eael-post-list-posts-wrap eael-post-appender eael-post-appender-9997cdd\"><div class=\"eael-post-list-post \"><div class=\"eael-post-list-thumbnail \"><a href=\"https:\/\/injzp.uek.krakow.pl\/km\/pracownicy\/mgr-weronika-klimek\/\">\n                            <img decoding=\"async\" src=\"https:\/\/injzp.uek.krakow.pl\/km\/wp-content\/uploads\/sites\/7\/2023\/02\/2-e1760085882752-300x300.jpg\" alt=\"\">\n                        <\/a><\/div><div class=\"eael-post-list-content\"><h2 class=\"eael-post-list-title\"><a href=\"https:\/\/injzp.uek.krakow.pl\/km\/pracownicy\/mgr-weronika-klimek\/\" >mgr Weronika Klimek<\/a><\/h2><\/div><\/div><div class=\"eael-post-list-post \"><div class=\"eael-post-list-thumbnail \"><a href=\"https:\/\/injzp.uek.krakow.pl\/km\/pracownicy\/mgr-kacper-gozdur\/\">\n                            <img decoding=\"async\" src=\"https:\/\/injzp.uek.krakow.pl\/km\/wp-content\/uploads\/sites\/7\/2023\/02\/2-e1760085882752-300x300.jpg\" alt=\"\">\n                        <\/a><\/div><div class=\"eael-post-list-content\"><h2 class=\"eael-post-list-title\"><a href=\"https:\/\/injzp.uek.krakow.pl\/km\/pracownicy\/mgr-kacper-gozdur\/\" >mgr Kacper Gozdur<\/a><\/h2><\/div><\/div><\/div><\/div>\n\t\t<\/div>\t\t\t\t<\/div>\n\t\t\t\t<\/div>\n\t\t\t\t\t<\/div>\n\t\t<\/div>\n\t\t\t\t\t<\/div>\n\t\t<\/section>\n\t\t\t\t<\/div>\n\t\t","protected":false},"excerpt":{"rendered":"<p>Kierownik Katedry dr hab. Tomasz Sawoszczuk, prof. UEK Pozostali pracownicy naukowo-dydaktyczni dr Beata Bober dr hab. Justyna Sygu\u0142a-Cholewi\u0144ska, prof. UEK dr Barbara B\u0142yskal Technicy laboratoryjni mgr Weronika Klimek mgr Kacper Gozdur<\/p>\n","protected":false},"author":1,"featured_media":0,"parent":0,"menu_order":0,"comment_status":"closed","ping_status":"closed","template":"elementor_header_footer","meta":{"footnotes":""},"class_list":["post-174","page","type-page","status-publish","hentry"],"_links":{"self":[{"href":"https:\/\/injzp.uek.krakow.pl\/km\/wp-json\/wp\/v2\/pages\/174","targetHints":{"allow":["GET"]}}],"collection":[{"href":"https:\/\/injzp.uek.krakow.pl\/km\/wp-json\/wp\/v2\/pages"}],"about":[{"href":"https:\/\/injzp.uek.krakow.pl\/km\/wp-json\/wp\/v2\/types\/page"}],"author":[{"embeddable":true,"href":"https:\/\/injzp.uek.krakow.pl\/km\/wp-json\/wp\/v2\/users\/1"}],"replies":[{"embeddable":true,"href":"https:\/\/injzp.uek.krakow.pl\/km\/wp-json\/wp\/v2\/comments?post=174"}],"version-history":[{"count":72,"href":"https:\/\/injzp.uek.krakow.pl\/km\/wp-json\/wp\/v2\/pages\/174\/revisions"}],"predecessor-version":[{"id":2631,"href":"https:\/\/injzp.uek.krakow.pl\/km\/wp-json\/wp\/v2\/pages\/174\/revisions\/2631"}],"wp:attachment":[{"href":"https:\/\/injzp.uek.krakow.pl\/km\/wp-json\/wp\/v2\/media?parent=174"}],"curies":[{"name":"wp","href":"https:\/\/api.w.org\/{rel}","templated":true}]}}