{"id":2147,"date":"2025-02-05T14:06:03","date_gmt":"2025-02-05T13:06:03","guid":{"rendered":"https:\/\/injzp.uek.krakow.pl\/km\/?page_id=2147"},"modified":"2025-02-06T14:56:16","modified_gmt":"2025-02-06T13:56:16","slug":"projekty","status":"publish","type":"page","link":"https:\/\/injzp.uek.krakow.pl\/km\/projekty\/","title":{"rendered":"Projekty"},"content":{"rendered":"\t\t<div data-elementor-type=\"wp-page\" data-elementor-id=\"2147\" class=\"elementor elementor-2147\" data-elementor-post-type=\"page\">\n\t\t\t\t\t\t<section data-particle_enable=\"false\" data-particle-mobile-disabled=\"false\" class=\"elementor-section elementor-top-section elementor-element elementor-element-30d98d8 elementor-section-boxed elementor-section-height-default elementor-section-height-default\" data-id=\"30d98d8\" data-element_type=\"section\" data-settings=\"{&quot;jet_parallax_layout_list&quot;:[]}\">\n\t\t\t\t\t\t<div class=\"elementor-container elementor-column-gap-default\">\n\t\t\t\t\t<div class=\"elementor-column elementor-col-33 elementor-top-column elementor-element elementor-element-c175174\" data-id=\"c175174\" data-element_type=\"column\">\n\t\t\t<div class=\"elementor-widget-wrap elementor-element-populated\">\n\t\t\t\t\t\t<div class=\"elementor-element elementor-element-6745345 elementor-widget elementor-widget-heading\" data-id=\"6745345\" data-element_type=\"widget\" data-widget_type=\"heading.default\">\n\t\t\t\t<div class=\"elementor-widget-container\">\n\t\t\t\t\t<h2 class=\"elementor-heading-title elementor-size-default\"><a href=\"https:\/\/uek.krakow.pl\/artykuly\/aktualnosci\/jak-pachnie-dama-z-gronostajem-kolejna-odslona-projektu-odotheka\">Jak pachnie \"Dama z gronostajem\"? Kolejna ods\u0142ona projektu Odotheka<\/a><\/h2>\t\t\t\t<\/div>\n\t\t\t\t<\/div>\n\t\t\t\t<div class=\"elementor-element elementor-element-7331745 elementor-widget__width-initial elementor-widget elementor-widget-image\" data-id=\"7331745\" data-element_type=\"widget\" data-widget_type=\"image.default\">\n\t\t\t\t<div class=\"elementor-widget-container\">\n\t\t\t\t\t\t\t\t\t\t\t\t\t\t\t\t<a href=\"https:\/\/uek.krakow.pl\/artykuly\/aktualnosci\/jak-pachnie-dama-z-gronostajem-kolejna-odslona-projektu-odotheka\">\n\t\t\t\t\t\t\t<img fetchpriority=\"high\" decoding=\"async\" width=\"720\" height=\"520\" src=\"https:\/\/injzp.uek.krakow.pl\/km\/wp-content\/uploads\/sites\/7\/2025\/02\/1234.jpg\" class=\"attachment-full size-full wp-image-2177\" alt=\"\" srcset=\"https:\/\/injzp.uek.krakow.pl\/km\/wp-content\/uploads\/sites\/7\/2025\/02\/1234.jpg 720w, https:\/\/injzp.uek.krakow.pl\/km\/wp-content\/uploads\/sites\/7\/2025\/02\/1234-300x217.jpg 300w\" sizes=\"(max-width: 720px) 100vw, 720px\" \/>\t\t\t\t\t\t\t\t<\/a>\n\t\t\t\t\t\t\t\t\t\t\t\t\t\t\t<\/div>\n\t\t\t\t<\/div>\n\t\t\t\t<div class=\"elementor-element elementor-element-cc27cd4 elementor-widget elementor-widget-text-editor\" data-id=\"cc27cd4\" data-element_type=\"widget\" data-widget_type=\"text-editor.default\">\n\t\t\t\t<div class=\"elementor-widget-container\">\n\t\t\t\t\t\t\t\t\t<div class=\"flex max-w-full flex-col flex-grow\"><div class=\"min-h-8 text-message flex w-full flex-col items-end gap-2 whitespace-normal break-words text-start [.text-message+&amp;]:mt-5\" dir=\"auto\" data-message-author-role=\"assistant\" data-message-id=\"4ef032f0-2c08-4546-bdb9-1d7a458f0239\" data-message-model-slug=\"gpt-4o\"><div class=\"flex w-full flex-col gap-1 empty:hidden first:pt-[3px]\"><div class=\"markdown prose w-full break-words dark:prose-invert dark\"><p>Projekt <em>Odotheka<\/em> bada zapachy zabytkowych obiekt\u00f3w, takich jak <em>Dama z gronostajem<\/em>, aby lepiej zrozumie\u0107 ich histori\u0119 i znaczenie. Dzi\u0119ki wsp\u00f3\u0142pracy z ekspertami analizowane s\u0105 aromaty zwi\u0105zane z dzie\u0142ami sztuki i ich otoczeniem. Badania maj\u0105 tak\u017ce na celu wzbogacenie do\u015bwiadcze\u0144 zwiedzaj\u0105cych, zw\u0142aszcza os\u00f3b niewidomych.<\/p><\/div><\/div><\/div><\/div>\t\t\t\t\t\t\t\t<\/div>\n\t\t\t\t<\/div>\n\t\t\t\t\t<\/div>\n\t\t<\/div>\n\t\t\t\t<div class=\"elementor-column elementor-col-33 elementor-top-column elementor-element elementor-element-1d0bf11\" data-id=\"1d0bf11\" data-element_type=\"column\">\n\t\t\t<div class=\"elementor-widget-wrap elementor-element-populated\">\n\t\t\t\t\t\t<div class=\"elementor-element elementor-element-a67a885 elementor-widget elementor-widget-heading\" data-id=\"a67a885\" data-element_type=\"widget\" data-widget_type=\"heading.default\">\n\t\t\t\t<div class=\"elementor-widget-container\">\n\t\t\t\t\t<h2 class=\"elementor-heading-title elementor-size-default\"><a href=\"https:\/\/bibliagutenberga.diecezja-pelplin.pl\/projekt\/o-projekcie\/\">Projekt \u201eRatujemy Pelpli\u0144sk\u0105 Bibli\u0119 Gutenberga\u201d <\/a><\/h2>\t\t\t\t<\/div>\n\t\t\t\t<\/div>\n\t\t\t\t<div class=\"elementor-element elementor-element-f9b7e3f elementor-widget__width-initial elementor-widget elementor-widget-image\" data-id=\"f9b7e3f\" data-element_type=\"widget\" data-widget_type=\"image.default\">\n\t\t\t\t<div class=\"elementor-widget-container\">\n\t\t\t\t\t\t\t\t\t\t\t\t\t\t\t\t<a href=\"https:\/\/bibliagutenberga.diecezja-pelplin.pl\/projekt\/o-projekcie\/\">\n\t\t\t\t\t\t\t<img decoding=\"async\" width=\"722\" height=\"520\" src=\"https:\/\/injzp.uek.krakow.pl\/km\/wp-content\/uploads\/sites\/7\/2025\/02\/too.jpg\" class=\"attachment-full size-full wp-image-2216\" alt=\"\" srcset=\"https:\/\/injzp.uek.krakow.pl\/km\/wp-content\/uploads\/sites\/7\/2025\/02\/too.jpg 722w, https:\/\/injzp.uek.krakow.pl\/km\/wp-content\/uploads\/sites\/7\/2025\/02\/too-300x216.jpg 300w\" sizes=\"(max-width: 722px) 100vw, 722px\" \/>\t\t\t\t\t\t\t\t<\/a>\n\t\t\t\t\t\t\t\t\t\t\t\t\t\t\t<\/div>\n\t\t\t\t<\/div>\n\t\t\t\t<div class=\"elementor-element elementor-element-f28b666 elementor-widget elementor-widget-text-editor\" data-id=\"f28b666\" data-element_type=\"widget\" data-widget_type=\"text-editor.default\">\n\t\t\t\t<div class=\"elementor-widget-container\">\n\t\t\t\t\t\t\t\t\t<div class=\"flex max-w-full flex-col flex-grow\"><div class=\"min-h-8 text-message flex w-full flex-col items-end gap-2 whitespace-normal break-words text-start [.text-message+&amp;]:mt-5\" dir=\"auto\" data-message-author-role=\"assistant\" data-message-id=\"4ef032f0-2c08-4546-bdb9-1d7a458f0239\" data-message-model-slug=\"gpt-4o\"><div class=\"flex w-full flex-col gap-1 empty:hidden first:pt-[3px]\"><div class=\"markdown prose w-full break-words dark:prose-invert dark\"><p><strong>Dr hab. Tomasz Sawoszczuk, prof. UEK<\/strong> bra\u0142 udzia\u0142 w wyj\u0105tkowym, interdyscyplinarnym projekcie konserwatorskim. W ramach projektu badano substancje z wcze\u015bniejszych prac konserwatorskich, zwi\u0105zki antymikrobowe oraz proces naturalnego starzenia si\u0119 papieru. Biblia Gutenberga, pierwsza ksi\u0105\u017cka w Europie wydrukowana ruchom\u0105 czcionk\u0105, powsta\u0142a w latach 1452\u20131455 w Moguncji. Spo\u015br\u00f3d oko\u0142o 200 egzemplarzy do dzi\u015b zachowa\u0142o si\u0119 48, w tym jedyna w Polsce, dwutomowa wersja na papierze, przechowywana w Muzeum w Pelplinie. Egzemplarz ten wyr\u00f3\u017cnia si\u0119 XV-wieczn\u0105 opraw\u0105 i unikalnymi rubrykami, a jego warto\u015b\u0107 rynkowa wynosi oko\u0142o 140 mln z\u0142otych.<\/p><\/div><\/div><\/div><\/div>\t\t\t\t\t\t\t\t<\/div>\n\t\t\t\t<\/div>\n\t\t\t\t\t<\/div>\n\t\t<\/div>\n\t\t\t\t<div class=\"elementor-column elementor-col-33 elementor-top-column elementor-element elementor-element-dea119b\" data-id=\"dea119b\" data-element_type=\"column\">\n\t\t\t<div class=\"elementor-widget-wrap elementor-element-populated\">\n\t\t\t\t\t\t<div class=\"elementor-element elementor-element-cfa414f elementor-widget elementor-widget-heading\" data-id=\"cfa414f\" data-element_type=\"widget\" data-widget_type=\"heading.default\">\n\t\t\t\t<div class=\"elementor-widget-container\">\n\t\t\t\t\t<h2 class=\"elementor-heading-title elementor-size-default\"><a href=\"https:\/\/uek.krakow.pl\/artykuly\/nauka\/projekt-timeless-muzeum-zaginionych-wynalazcow\">Projekt TIMELESS - Muzeum Zaginionych Wynalazc\u00f3w<\/a><\/h2>\t\t\t\t<\/div>\n\t\t\t\t<\/div>\n\t\t\t\t<div class=\"elementor-element elementor-element-ed29a69 elementor-widget__width-initial elementor-widget elementor-widget-image\" data-id=\"ed29a69\" data-element_type=\"widget\" data-widget_type=\"image.default\">\n\t\t\t\t<div class=\"elementor-widget-container\">\n\t\t\t\t\t\t\t\t\t\t\t\t\t\t\t\t<a href=\"https:\/\/uek.krakow.pl\/artykuly\/nauka\/projekt-timeless-muzeum-zaginionych-wynalazcow\">\n\t\t\t\t\t\t\t<img decoding=\"async\" width=\"720\" height=\"520\" src=\"https:\/\/injzp.uek.krakow.pl\/km\/wp-content\/uploads\/sites\/7\/2025\/02\/12345.jpg\" class=\"attachment-full size-full wp-image-2178\" alt=\"\" srcset=\"https:\/\/injzp.uek.krakow.pl\/km\/wp-content\/uploads\/sites\/7\/2025\/02\/12345.jpg 720w, https:\/\/injzp.uek.krakow.pl\/km\/wp-content\/uploads\/sites\/7\/2025\/02\/12345-300x217.jpg 300w\" sizes=\"(max-width: 720px) 100vw, 720px\" \/>\t\t\t\t\t\t\t\t<\/a>\n\t\t\t\t\t\t\t\t\t\t\t\t\t\t\t<\/div>\n\t\t\t\t<\/div>\n\t\t\t\t<div class=\"elementor-element elementor-element-5260b2c elementor-widget elementor-widget-text-editor\" data-id=\"5260b2c\" data-element_type=\"widget\" data-widget_type=\"text-editor.default\">\n\t\t\t\t<div class=\"elementor-widget-container\">\n\t\t\t\t\t\t\t\t\t<p>Inicjatywa powsta\u0142a podczas prac nad seri\u0105 dokumentaln\u0105 TVP <em>Geniusze i marzyciele<\/em>, po\u015bwi\u0119con\u0105 zapomnianym polskim wynalazcom, takim jak Jan Szczepanik, Stefan Banach czy Kazimierz Pr\u00f3szy\u0144ski. Projekt badawczy koncentruje si\u0119 na odnajdywaniu, ochronie cennych dokument\u00f3w, zdj\u0119\u0107 oraz pami\u0105tek zwi\u0105zanych z ich dzia\u0142alno\u015bci\u0105, kt\u00f3re cz\u0119sto znajduj\u0105 si\u0119 w prywatnych zbiorach i nie s\u0105 obj\u0119te opiek\u0105 konserwatorsk\u0105 ani udost\u0119pnione publicznie.<\/p>\t\t\t\t\t\t\t\t<\/div>\n\t\t\t\t<\/div>\n\t\t\t\t\t<\/div>\n\t\t<\/div>\n\t\t\t\t\t<\/div>\n\t\t<\/section>\n\t\t\t\t<section data-particle_enable=\"false\" data-particle-mobile-disabled=\"false\" class=\"elementor-section elementor-top-section elementor-element elementor-element-b656eba elementor-section-boxed elementor-section-height-default elementor-section-height-default\" data-id=\"b656eba\" data-element_type=\"section\" data-settings=\"{&quot;jet_parallax_layout_list&quot;:[]}\">\n\t\t\t\t\t\t<div class=\"elementor-container elementor-column-gap-default\">\n\t\t\t\t\t<div class=\"elementor-column elementor-col-33 elementor-top-column elementor-element elementor-element-6aeccaf\" data-id=\"6aeccaf\" data-element_type=\"column\">\n\t\t\t<div class=\"elementor-widget-wrap elementor-element-populated\">\n\t\t\t\t\t\t<div class=\"elementor-element elementor-element-5b4d52c elementor-widget elementor-widget-heading\" data-id=\"5b4d52c\" data-element_type=\"widget\" data-widget_type=\"heading.default\">\n\t\t\t\t<div class=\"elementor-widget-container\">\n\t\t\t\t\t<h2 class=\"elementor-heading-title elementor-size-default\"><a href=\"https:\/\/granty.uek.krakow.pl\/odotheka\/\">Projekt OPUS 20 + LAP: \nOlfaktometria w badaniach dziedzictwa kulturowego: wychwytywanie, rekonstrukcja i konserwacja zapach\u00f3w historycznych<\/a><\/h2>\t\t\t\t<\/div>\n\t\t\t\t<\/div>\n\t\t\t\t<div class=\"elementor-element elementor-element-e6a6ed6 elementor-widget__width-initial elementor-widget elementor-widget-image\" data-id=\"e6a6ed6\" data-element_type=\"widget\" data-widget_type=\"image.default\">\n\t\t\t\t<div class=\"elementor-widget-container\">\n\t\t\t\t\t\t\t\t\t\t\t\t\t\t\t\t<a href=\"https:\/\/granty.uek.krakow.pl\/odotheka\/\">\n\t\t\t\t\t\t\t<img loading=\"lazy\" decoding=\"async\" width=\"844\" height=\"1024\" src=\"https:\/\/injzp.uek.krakow.pl\/km\/wp-content\/uploads\/sites\/7\/2025\/02\/122-e1760085601917-844x1024.png\" class=\"attachment-large size-large wp-image-2180\" alt=\"\" srcset=\"https:\/\/injzp.uek.krakow.pl\/km\/wp-content\/uploads\/sites\/7\/2025\/02\/122-e1760085601917-844x1024.png 844w, https:\/\/injzp.uek.krakow.pl\/km\/wp-content\/uploads\/sites\/7\/2025\/02\/122-e1760085601917-247x300.png 247w, https:\/\/injzp.uek.krakow.pl\/km\/wp-content\/uploads\/sites\/7\/2025\/02\/122-e1760085601917-768x931.png 768w, https:\/\/injzp.uek.krakow.pl\/km\/wp-content\/uploads\/sites\/7\/2025\/02\/122-e1760085601917-1140x1383.png 1140w, https:\/\/injzp.uek.krakow.pl\/km\/wp-content\/uploads\/sites\/7\/2025\/02\/122-e1760085601917.png 1245w\" sizes=\"(max-width: 844px) 100vw, 844px\" \/>\t\t\t\t\t\t\t\t<\/a>\n\t\t\t\t\t\t\t\t\t\t\t\t\t\t\t<\/div>\n\t\t\t\t<\/div>\n\t\t\t\t<div class=\"elementor-element elementor-element-2c95b55 elementor-widget elementor-widget-text-editor\" data-id=\"2c95b55\" data-element_type=\"widget\" data-widget_type=\"text-editor.default\">\n\t\t\t\t<div class=\"elementor-widget-container\">\n\t\t\t\t\t\t\t\t\t<div class=\"flex-shrink-0 flex flex-col relative items-end\"><div><div class=\"pt-0\"><div class=\"gizmo-bot-avatar flex h-8 w-8 items-center justify-center overflow-hidden rounded-full\"><div class=\"relative p-1 rounded-sm flex items-center justify-center bg-token-main-surface-primary text-token-text-primary h-8 w-8\"><p>Projekt <strong><em>Odotheka<\/em><\/strong> ruszy\u0142 1 grudnia 2021 roku, potrwa do 2025 roku.<\/p><p>Celem projektu jest zbadanie zapachu wybranych obiekt\u00f3w historycznych o szczeg\u00f3lnym znaczeniu dla dziedzictwa kulturowego. Ze wzgl\u0119du na przechowywanie w gablotach ich zapach pozostaje niedost\u0119pny dla zwiedzaj\u0105cych, cho\u0107 mo\u017ce mie\u0107 istotne znaczenie, zw\u0142aszcza dla os\u00f3b niewidomych. Obiekty do bada\u0144 zostan\u0105 wybrane we wsp\u00f3\u0142pracy z kustoszami i konserwatorami, kt\u00f3rzy opracuj\u0105 tak\u017ce histori\u0119 ich zapachu. Kierownikiem projektu jest<strong> dr hab. Tomasz Sawoszczuk, prof. UEK<\/strong>.<\/p><p>przyznane \u015brodki: <strong>2 448 540 z\u0142<\/strong><\/p><\/div><\/div><\/div><\/div><\/div>\t\t\t\t\t\t\t\t<\/div>\n\t\t\t\t<\/div>\n\t\t\t\t<div class=\"elementor-element elementor-element-4a56444 elementor-widget elementor-widget-button\" data-id=\"4a56444\" data-element_type=\"widget\" data-widget_type=\"button.default\">\n\t\t\t\t<div class=\"elementor-widget-container\">\n\t\t\t\t\t\t\t\t\t<div class=\"elementor-button-wrapper\">\n\t\t\t\t\t<a class=\"elementor-button elementor-button-link elementor-size-sm\" href=\"https:\/\/projekty.ncn.gov.pl\/opisy\/501090-pl.pdf\">\n\t\t\t\t\t\t<span class=\"elementor-button-content-wrapper\">\n\t\t\t\t\t\t\t\t\t<span class=\"elementor-button-text\">description in ENG<\/span>\n\t\t\t\t\t<\/span>\n\t\t\t\t\t<\/a>\n\t\t\t\t<\/div>\n\t\t\t\t\t\t\t\t<\/div>\n\t\t\t\t<\/div>\n\t\t\t\t\t<\/div>\n\t\t<\/div>\n\t\t\t\t<div class=\"elementor-column elementor-col-33 elementor-top-column elementor-element elementor-element-3f57eb8\" data-id=\"3f57eb8\" data-element_type=\"column\">\n\t\t\t<div class=\"elementor-widget-wrap\">\n\t\t\t\t\t\t\t<\/div>\n\t\t<\/div>\n\t\t\t\t<div class=\"elementor-column elementor-col-33 elementor-top-column elementor-element elementor-element-df57b28\" data-id=\"df57b28\" data-element_type=\"column\">\n\t\t\t<div class=\"elementor-widget-wrap\">\n\t\t\t\t\t\t\t<\/div>\n\t\t<\/div>\n\t\t\t\t\t<\/div>\n\t\t<\/section>\n\t\t\t\t<section data-particle_enable=\"false\" data-particle-mobile-disabled=\"false\" class=\"elementor-section elementor-top-section elementor-element elementor-element-d7d2120 elementor-section-boxed elementor-section-height-default elementor-section-height-default\" data-id=\"d7d2120\" data-element_type=\"section\" data-settings=\"{&quot;jet_parallax_layout_list&quot;:[]}\">\n\t\t\t\t\t\t<div class=\"elementor-container elementor-column-gap-default\">\n\t\t\t\t\t<div class=\"elementor-column elementor-col-100 elementor-top-column elementor-element elementor-element-9f91c36\" data-id=\"9f91c36\" data-element_type=\"column\">\n\t\t\t<div class=\"elementor-widget-wrap\">\n\t\t\t\t\t\t\t<\/div>\n\t\t<\/div>\n\t\t\t\t\t<\/div>\n\t\t<\/section>\n\t\t\t\t<\/div>\n\t\t","protected":false},"excerpt":{"rendered":"<p>Jak pachnie &#8222;Dama z gronostajem&#8221;? Kolejna ods\u0142ona projektu Odotheka Projekt Odotheka bada zapachy zabytkowych obiekt\u00f3w, takich jak Dama z gronostajem, aby lepiej zrozumie\u0107 ich histori\u0119 i znaczenie. Dzi\u0119ki wsp\u00f3\u0142pracy z ekspertami analizowane s\u0105 aromaty zwi\u0105zane z dzie\u0142ami sztuki i ich otoczeniem. Badania maj\u0105 tak\u017ce na celu wzbogacenie do\u015bwiadcze\u0144 zwiedzaj\u0105cych, zw\u0142aszcza os\u00f3b niewidomych. Projekt \u201eRatujemy Pelpli\u0144sk\u0105 Bibli\u0119 Gutenberga\u201d Dr hab. Tomasz Sawoszczuk, prof. UEK bra\u0142 udzia\u0142 w wyj\u0105tkowym, interdyscyplinarnym projekcie konserwatorskim. W ramach projektu badano substancje z wcze\u015bniejszych prac konserwatorskich, zwi\u0105zki antymikrobowe oraz proces naturalnego starzenia si\u0119 papieru. Biblia Gutenberga, pierwsza ksi\u0105\u017cka w Europie wydrukowana ruchom\u0105 czcionk\u0105, powsta\u0142a w latach 1452\u20131455 w Moguncji. Spo\u015br\u00f3d oko\u0142o 200 egzemplarzy do dzi\u015b zachowa\u0142o si\u0119 48, w tym jedyna w Polsce, dwutomowa wersja na papierze, przechowywana w Muzeum w Pelplinie. Egzemplarz ten wyr\u00f3\u017cnia si\u0119 XV-wieczn\u0105 opraw\u0105 i unikalnymi rubrykami, a jego warto\u015b\u0107 rynkowa wynosi oko\u0142o 140 mln z\u0142otych. Projekt TIMELESS &#8211; Muzeum Zaginionych Wynalazc\u00f3w Inicjatywa powsta\u0142a podczas prac nad seri\u0105 dokumentaln\u0105 TVP Geniusze i marzyciele, po\u015bwi\u0119con\u0105 zapomnianym polskim wynalazcom, takim jak Jan Szczepanik, Stefan Banach czy Kazimierz Pr\u00f3szy\u0144ski. Projekt badawczy koncentruje si\u0119 na odnajdywaniu, ochronie cennych dokument\u00f3w, zdj\u0119\u0107 oraz pami\u0105tek zwi\u0105zanych z ich dzia\u0142alno\u015bci\u0105, kt\u00f3re cz\u0119sto znajduj\u0105 si\u0119 w prywatnych zbiorach i nie s\u0105 obj\u0119te opiek\u0105 konserwatorsk\u0105 ani udost\u0119pnione publicznie. Projekt OPUS 20 + LAP: Olfaktometria w badaniach dziedzictwa kulturowego: wychwytywanie, rekonstrukcja i konserwacja zapach\u00f3w historycznych Projekt Odotheka ruszy\u0142 1 grudnia 2021 roku, potrwa do 2025 roku. Celem projektu jest zbadanie zapachu wybranych obiekt\u00f3w historycznych o szczeg\u00f3lnym znaczeniu dla dziedzictwa kulturowego. Ze wzgl\u0119du na przechowywanie w gablotach ich zapach pozostaje niedost\u0119pny dla zwiedzaj\u0105cych, cho\u0107 mo\u017ce mie\u0107 istotne znaczenie, zw\u0142aszcza dla os\u00f3b niewidomych. Obiekty do bada\u0144 zostan\u0105 wybrane we wsp\u00f3\u0142pracy z kustoszami i konserwatorami, kt\u00f3rzy opracuj\u0105 tak\u017ce histori\u0119 ich zapachu. Kierownikiem projektu jest dr hab. Tomasz Sawoszczuk, prof. UEK. przyznane \u015brodki: 2 448 540 z\u0142 description in ENG<\/p>\n","protected":false},"author":9,"featured_media":0,"parent":0,"menu_order":0,"comment_status":"closed","ping_status":"closed","template":"elementor_header_footer","meta":{"footnotes":""},"class_list":["post-2147","page","type-page","status-publish","hentry"],"_links":{"self":[{"href":"https:\/\/injzp.uek.krakow.pl\/km\/wp-json\/wp\/v2\/pages\/2147","targetHints":{"allow":["GET"]}}],"collection":[{"href":"https:\/\/injzp.uek.krakow.pl\/km\/wp-json\/wp\/v2\/pages"}],"about":[{"href":"https:\/\/injzp.uek.krakow.pl\/km\/wp-json\/wp\/v2\/types\/page"}],"author":[{"embeddable":true,"href":"https:\/\/injzp.uek.krakow.pl\/km\/wp-json\/wp\/v2\/users\/9"}],"replies":[{"embeddable":true,"href":"https:\/\/injzp.uek.krakow.pl\/km\/wp-json\/wp\/v2\/comments?post=2147"}],"version-history":[{"count":25,"href":"https:\/\/injzp.uek.krakow.pl\/km\/wp-json\/wp\/v2\/pages\/2147\/revisions"}],"predecessor-version":[{"id":2365,"href":"https:\/\/injzp.uek.krakow.pl\/km\/wp-json\/wp\/v2\/pages\/2147\/revisions\/2365"}],"wp:attachment":[{"href":"https:\/\/injzp.uek.krakow.pl\/km\/wp-json\/wp\/v2\/media?parent=2147"}],"curies":[{"name":"wp","href":"https:\/\/api.w.org\/{rel}","templated":true}]}}