{"id":472,"date":"2023-02-13T00:04:26","date_gmt":"2023-02-12T23:04:26","guid":{"rendered":"https:\/\/ie.uek.krakow.pl\/ke\/?page_id=2"},"modified":"2026-03-05T07:19:19","modified_gmt":"2026-03-05T06:19:19","slug":"katedra-mikrobiologii","status":"publish","type":"page","link":"https:\/\/injzp.uek.krakow.pl\/km\/","title":{"rendered":"Katedra Mikrobiologii"},"content":{"rendered":"\t\t<div data-elementor-type=\"wp-page\" data-elementor-id=\"472\" class=\"elementor elementor-472\" data-elementor-post-type=\"page\">\n\t\t\t\t\t\t<section data-particle_enable=\"false\" data-particle-mobile-disabled=\"false\" class=\"elementor-section elementor-top-section elementor-element elementor-element-c9bbdc1 elementor-section-boxed elementor-section-height-default elementor-section-height-default\" data-id=\"c9bbdc1\" data-element_type=\"section\" data-settings=\"{&quot;jet_parallax_layout_list&quot;:[]}\">\n\t\t\t\t\t\t<div class=\"elementor-container elementor-column-gap-default\">\n\t\t\t\t\t<div class=\"elementor-column elementor-col-20 elementor-top-column elementor-element elementor-element-b3da7b3\" data-id=\"b3da7b3\" data-element_type=\"column\">\n\t\t\t<div class=\"elementor-widget-wrap elementor-element-populated\">\n\t\t\t\t\t\t<div class=\"elementor-element elementor-element-4b7cfd3 elementor-view-default elementor-position-top elementor-mobile-position-top elementor-widget elementor-widget-icon-box\" data-id=\"4b7cfd3\" data-element_type=\"widget\" data-widget_type=\"icon-box.default\">\n\t\t\t\t<div class=\"elementor-widget-container\">\n\t\t\t\t\t\t\t<div class=\"elementor-icon-box-wrapper\">\n\n\t\t\t\t\t\t<div class=\"elementor-icon-box-icon\">\n\t\t\t\t<a href=\"https:\/\/injzp.uek.krakow.pl\/km\/o-katedrze\/\" class=\"elementor-icon elementor-animation-grow\" tabindex=\"-1\" aria-label=\"o katedrze\">\n\t\t\t\t<i aria-hidden=\"true\" class=\"far fa-building\"><\/i>\t\t\t\t<\/a>\n\t\t\t<\/div>\n\t\t\t\n\t\t\t\t\t\t<div class=\"elementor-icon-box-content\">\n\n\t\t\t\t\t\t\t\t\t<h3 class=\"elementor-icon-box-title\">\n\t\t\t\t\t\t<a href=\"https:\/\/injzp.uek.krakow.pl\/km\/o-katedrze\/\" >\n\t\t\t\t\t\t\to katedrze\t\t\t\t\t\t<\/a>\n\t\t\t\t\t<\/h3>\n\t\t\t\t\n\t\t\t\t\n\t\t\t<\/div>\n\t\t\t\n\t\t<\/div>\n\t\t\t\t\t\t<\/div>\n\t\t\t\t<\/div>\n\t\t\t\t\t<\/div>\n\t\t<\/div>\n\t\t\t\t<div class=\"elementor-column elementor-col-20 elementor-top-column elementor-element elementor-element-b98a4cc\" data-id=\"b98a4cc\" data-element_type=\"column\">\n\t\t\t<div class=\"elementor-widget-wrap elementor-element-populated\">\n\t\t\t\t\t\t<div class=\"elementor-element elementor-element-6060ad71 elementor-view-default elementor-position-top elementor-mobile-position-top elementor-widget elementor-widget-icon-box\" data-id=\"6060ad71\" data-element_type=\"widget\" data-widget_type=\"icon-box.default\">\n\t\t\t\t<div class=\"elementor-widget-container\">\n\t\t\t\t\t\t\t<div class=\"elementor-icon-box-wrapper\">\n\n\t\t\t\t\t\t<div class=\"elementor-icon-box-icon\">\n\t\t\t\t<a href=\"https:\/\/injzp.uek.krakow.pl\/km\/studenci\/\" class=\"elementor-icon elementor-animation-grow\" tabindex=\"-1\" aria-label=\"Studenci\">\n\t\t\t\t<i aria-hidden=\"true\" class=\"fas fa-graduation-cap\"><\/i>\t\t\t\t<\/a>\n\t\t\t<\/div>\n\t\t\t\n\t\t\t\t\t\t<div class=\"elementor-icon-box-content\">\n\n\t\t\t\t\t\t\t\t\t<h3 class=\"elementor-icon-box-title\">\n\t\t\t\t\t\t<a href=\"https:\/\/injzp.uek.krakow.pl\/km\/studenci\/\" >\n\t\t\t\t\t\t\tStudenci\t\t\t\t\t\t<\/a>\n\t\t\t\t\t<\/h3>\n\t\t\t\t\n\t\t\t\t\n\t\t\t<\/div>\n\t\t\t\n\t\t<\/div>\n\t\t\t\t\t\t<\/div>\n\t\t\t\t<\/div>\n\t\t\t\t\t<\/div>\n\t\t<\/div>\n\t\t\t\t<div class=\"elementor-column elementor-col-20 elementor-top-column elementor-element elementor-element-be2ee61\" data-id=\"be2ee61\" data-element_type=\"column\">\n\t\t\t<div class=\"elementor-widget-wrap elementor-element-populated\">\n\t\t\t\t\t\t<div class=\"elementor-element elementor-element-3c616e48 elementor-view-default elementor-position-top elementor-mobile-position-top elementor-widget elementor-widget-icon-box\" data-id=\"3c616e48\" data-element_type=\"widget\" data-widget_type=\"icon-box.default\">\n\t\t\t\t<div class=\"elementor-widget-container\">\n\t\t\t\t\t\t\t<div class=\"elementor-icon-box-wrapper\">\n\n\t\t\t\t\t\t<div class=\"elementor-icon-box-icon\">\n\t\t\t\t<a href=\"https:\/\/injzp.uek.krakow.pl\/km\/projekty\/\" class=\"elementor-icon elementor-animation-grow\" tabindex=\"-1\" aria-label=\"PROJEKTY\">\n\t\t\t\t<i aria-hidden=\"true\" class=\"fas fa-bacteria\"><\/i>\t\t\t\t<\/a>\n\t\t\t<\/div>\n\t\t\t\n\t\t\t\t\t\t<div class=\"elementor-icon-box-content\">\n\n\t\t\t\t\t\t\t\t\t<h3 class=\"elementor-icon-box-title\">\n\t\t\t\t\t\t<a href=\"https:\/\/injzp.uek.krakow.pl\/km\/projekty\/\" >\n\t\t\t\t\t\t\tPROJEKTY\t\t\t\t\t\t<\/a>\n\t\t\t\t\t<\/h3>\n\t\t\t\t\n\t\t\t\t\n\t\t\t<\/div>\n\t\t\t\n\t\t<\/div>\n\t\t\t\t\t\t<\/div>\n\t\t\t\t<\/div>\n\t\t\t\t\t<\/div>\n\t\t<\/div>\n\t\t\t\t<div class=\"elementor-column elementor-col-20 elementor-top-column elementor-element elementor-element-42e08ad\" data-id=\"42e08ad\" data-element_type=\"column\">\n\t\t\t<div class=\"elementor-widget-wrap elementor-element-populated\">\n\t\t\t\t\t\t<div class=\"elementor-element elementor-element-572d9dbe elementor-view-default elementor-position-top elementor-mobile-position-top elementor-widget elementor-widget-icon-box\" data-id=\"572d9dbe\" data-element_type=\"widget\" data-widget_type=\"icon-box.default\">\n\t\t\t\t<div class=\"elementor-widget-container\">\n\t\t\t\t\t\t\t<div class=\"elementor-icon-box-wrapper\">\n\n\t\t\t\t\t\t<div class=\"elementor-icon-box-icon\">\n\t\t\t\t<a href=\"https:\/\/injzp.uek.krakow.pl\/km\/oferta\/\" class=\"elementor-icon elementor-animation-grow\" tabindex=\"-1\" aria-label=\"Oferta\">\n\t\t\t\t<i aria-hidden=\"true\" class=\"far fa-paper-plane\"><\/i>\t\t\t\t<\/a>\n\t\t\t<\/div>\n\t\t\t\n\t\t\t\t\t\t<div class=\"elementor-icon-box-content\">\n\n\t\t\t\t\t\t\t\t\t<h3 class=\"elementor-icon-box-title\">\n\t\t\t\t\t\t<a href=\"https:\/\/injzp.uek.krakow.pl\/km\/oferta\/\" >\n\t\t\t\t\t\t\tOferta\t\t\t\t\t\t<\/a>\n\t\t\t\t\t<\/h3>\n\t\t\t\t\n\t\t\t\t\n\t\t\t<\/div>\n\t\t\t\n\t\t<\/div>\n\t\t\t\t\t\t<\/div>\n\t\t\t\t<\/div>\n\t\t\t\t\t<\/div>\n\t\t<\/div>\n\t\t\t\t<div class=\"elementor-column elementor-col-20 elementor-top-column elementor-element elementor-element-a85ea2b\" data-id=\"a85ea2b\" data-element_type=\"column\">\n\t\t\t<div class=\"elementor-widget-wrap elementor-element-populated\">\n\t\t\t\t\t\t<div class=\"elementor-element elementor-element-3fecec1f elementor-view-default elementor-position-top elementor-mobile-position-top elementor-widget elementor-widget-icon-box\" data-id=\"3fecec1f\" data-element_type=\"widget\" data-widget_type=\"icon-box.default\">\n\t\t\t\t<div class=\"elementor-widget-container\">\n\t\t\t\t\t\t\t<div class=\"elementor-icon-box-wrapper\">\n\n\t\t\t\t\t\t<div class=\"elementor-icon-box-icon\">\n\t\t\t\t<a href=\"https:\/\/injzp.uek.krakow.pl\/km\/pracownicy-pl\" class=\"elementor-icon elementor-animation-grow\" tabindex=\"-1\" aria-label=\"PRACOWNICY\">\n\t\t\t\t<i aria-hidden=\"true\" class=\"fas fa-users\"><\/i>\t\t\t\t<\/a>\n\t\t\t<\/div>\n\t\t\t\n\t\t\t\t\t\t<div class=\"elementor-icon-box-content\">\n\n\t\t\t\t\t\t\t\t\t<h3 class=\"elementor-icon-box-title\">\n\t\t\t\t\t\t<a href=\"https:\/\/injzp.uek.krakow.pl\/km\/pracownicy-pl\" >\n\t\t\t\t\t\t\tPRACOWNICY\t\t\t\t\t\t<\/a>\n\t\t\t\t\t<\/h3>\n\t\t\t\t\n\t\t\t\t\n\t\t\t<\/div>\n\t\t\t\n\t\t<\/div>\n\t\t\t\t\t\t<\/div>\n\t\t\t\t<\/div>\n\t\t\t\t\t<\/div>\n\t\t<\/div>\n\t\t\t\t\t<\/div>\n\t\t<\/section>\n\t\t\t\t<section data-particle_enable=\"false\" data-particle-mobile-disabled=\"false\" class=\"elementor-section elementor-top-section elementor-element elementor-element-49a972c elementor-section-full_width elementor-section-height-min-height elementor-section-content-middle elementor-section-height-default elementor-section-items-middle\" data-id=\"49a972c\" data-element_type=\"section\" data-settings=\"{&quot;jet_parallax_layout_list&quot;:[],&quot;background_background&quot;:&quot;classic&quot;}\">\n\t\t\t\t\t\t<div class=\"elementor-container elementor-column-gap-default\">\n\t\t\t\t\t<div class=\"elementor-column elementor-col-100 elementor-top-column elementor-element elementor-element-61df3344\" data-id=\"61df3344\" data-element_type=\"column\">\n\t\t\t<div class=\"elementor-widget-wrap\">\n\t\t\t\t\t\t\t<\/div>\n\t\t<\/div>\n\t\t\t\t\t<\/div>\n\t\t<\/section>\n\t\t\t\t<section data-particle_enable=\"false\" data-particle-mobile-disabled=\"false\" class=\"elementor-section elementor-top-section elementor-element elementor-element-1ca9164 elementor-section-boxed elementor-section-height-default elementor-section-height-default\" data-id=\"1ca9164\" data-element_type=\"section\" data-settings=\"{&quot;jet_parallax_layout_list&quot;:[],&quot;background_background&quot;:&quot;classic&quot;,&quot;shape_divider_top&quot;:&quot;arrow&quot;}\">\n\t\t\t\t\t<div class=\"elementor-shape elementor-shape-top\" data-negative=\"false\">\n\t\t\t<svg xmlns=\"http:\/\/www.w3.org\/2000\/svg\" viewBox=\"0 0 700 10\" preserveAspectRatio=\"none\">\n\t<path class=\"elementor-shape-fill\" d=\"M350,10L340,0h20L350,10z\"\/>\n<\/svg>\t\t<\/div>\n\t\t\t\t\t<div class=\"elementor-container elementor-column-gap-default\">\n\t\t\t\t\t<div class=\"elementor-column elementor-col-100 elementor-top-column elementor-element elementor-element-d042123\" data-id=\"d042123\" data-element_type=\"column\">\n\t\t\t<div class=\"elementor-widget-wrap elementor-element-populated\">\n\t\t\t\t\t\t<div class=\"elementor-element elementor-element-39831db elementor-widget elementor-widget-heading\" data-id=\"39831db\" data-element_type=\"widget\" data-widget_type=\"heading.default\">\n\t\t\t\t<div class=\"elementor-widget-container\">\n\t\t\t\t\t<h2 class=\"elementor-heading-title elementor-size-default\"><a href=\"https:\/\/injzp.uek.krakow.pl\/km\/aktualnosci\/\">Aktualno\u015bci<\/a><\/h2>\t\t\t\t<\/div>\n\t\t\t\t<\/div>\n\t\t\t\t\t<\/div>\n\t\t<\/div>\n\t\t\t\t\t<\/div>\n\t\t<\/section>\n\t\t\t\t<section data-particle_enable=\"false\" data-particle-mobile-disabled=\"false\" class=\"elementor-section elementor-top-section elementor-element elementor-element-083ef9e elementor-section-boxed elementor-section-height-default elementor-section-height-default\" data-id=\"083ef9e\" data-element_type=\"section\" data-settings=\"{&quot;jet_parallax_layout_list&quot;:[]}\">\n\t\t\t\t\t\t<div class=\"elementor-container elementor-column-gap-default\">\n\t\t\t\t\t<div class=\"elementor-column elementor-col-33 elementor-top-column elementor-element elementor-element-432d429\" data-id=\"432d429\" data-element_type=\"column\">\n\t\t\t<div class=\"elementor-widget-wrap elementor-element-populated\">\n\t\t\t\t\t\t<div class=\"elementor-element elementor-element-8c9c297 elementor-widget elementor-widget-heading\" data-id=\"8c9c297\" data-element_type=\"widget\" data-widget_type=\"heading.default\">\n\t\t\t\t<div class=\"elementor-widget-container\">\n\t\t\t\t\t<h2 class=\"elementor-heading-title elementor-size-default\"><a href=\"https:\/\/uek.krakow.pl\/artykuly\/aktualnosci\/dowiedzielismy-sie-jak-pachna-mumie-przelomowe-badania-naukowcow\">Nominacja OSOBOWO\u015a\u0106 ROKU 2025: \ndr hab. Tomasz Sawoszczuk, prof. UEK<\/a><\/h2>\t\t\t\t<\/div>\n\t\t\t\t<\/div>\n\t\t\t\t<div class=\"elementor-element elementor-element-6454dc5 elementor-widget__width-initial elementor-widget elementor-widget-image\" data-id=\"6454dc5\" data-element_type=\"widget\" data-widget_type=\"image.default\">\n\t\t\t\t<div class=\"elementor-widget-container\">\n\t\t\t\t\t\t\t\t\t\t\t\t\t\t\t<img fetchpriority=\"high\" decoding=\"async\" width=\"1190\" height=\"1682\" src=\"https:\/\/injzp.uek.krakow.pl\/km\/wp-content\/uploads\/sites\/7\/2026\/01\/Nominacja_Tomasz_Sawoszczuk_N.jpg\" class=\"attachment-full size-full wp-image-2610\" alt=\"\" srcset=\"https:\/\/injzp.uek.krakow.pl\/km\/wp-content\/uploads\/sites\/7\/2026\/01\/Nominacja_Tomasz_Sawoszczuk_N.jpg 1190w, https:\/\/injzp.uek.krakow.pl\/km\/wp-content\/uploads\/sites\/7\/2026\/01\/Nominacja_Tomasz_Sawoszczuk_N-212x300.jpg 212w, https:\/\/injzp.uek.krakow.pl\/km\/wp-content\/uploads\/sites\/7\/2026\/01\/Nominacja_Tomasz_Sawoszczuk_N-724x1024.jpg 724w, https:\/\/injzp.uek.krakow.pl\/km\/wp-content\/uploads\/sites\/7\/2026\/01\/Nominacja_Tomasz_Sawoszczuk_N-768x1086.jpg 768w, https:\/\/injzp.uek.krakow.pl\/km\/wp-content\/uploads\/sites\/7\/2026\/01\/Nominacja_Tomasz_Sawoszczuk_N-1087x1536.jpg 1087w, https:\/\/injzp.uek.krakow.pl\/km\/wp-content\/uploads\/sites\/7\/2026\/01\/Nominacja_Tomasz_Sawoszczuk_N-1140x1611.jpg 1140w\" sizes=\"(max-width: 1190px) 100vw, 1190px\" \/>\t\t\t\t\t\t\t\t\t\t\t\t\t\t\t<\/div>\n\t\t\t\t<\/div>\n\t\t\t\t<div class=\"elementor-element elementor-element-6d859f8 elementor-widget elementor-widget-text-editor\" data-id=\"6d859f8\" data-element_type=\"widget\" data-widget_type=\"text-editor.default\">\n\t\t\t\t<div class=\"elementor-widget-container\">\n\t\t\t\t\t\t\t\t\t<div><div dir=\"auto\" data-message-author-role=\"assistant\" data-message-id=\"4ef032f0-2c08-4546-bdb9-1d7a458f0239\" data-message-model-slug=\"gpt-4o\"><div><div><p data-start=\"0\" data-end=\"240\">Nasz kierownik Katedry Mikrobiologii UEK, <strong>dr hab. Tomasz Sawoszczuk, prof. UEK<\/strong>, otrzyma\u0142 nominacj\u0119 do presti\u017cowego tytu\u0142u Osobowo\u015b\u0107 Roku 2025 w kategorii Nauka.\u00a0<span style=\"letter-spacing: 0.2px\">Kapitu\u0142a konkursu doceni\u0142a jego interdyscyplinarne badania \u0142\u0105cz\u0105ce mikrobiologi\u0119, chemi\u0119 i ochron\u0119 dziedzictwa kulturowego, w tym udzia\u0142 w mi\u0119dzynarodowym projekcie Odotheka, po\u015bwi\u0119conym badaniom zapach\u00f3w zabytk\u00f3w (m.in. mumii egipskich i <\/span><em style=\"letter-spacing: 0.2px\" data-start=\"558\" data-end=\"578\">Damy z gronostajem<\/em><span style=\"letter-spacing: 0.2px\">), oraz w projekcie \u201eRatujemy Pelpli\u0144sk\u0105 Bibli\u0119 Gutenberga\u201d.<\/span><\/p><p data-start=\"0\" data-end=\"240\"><span style=\"letter-spacing: 0.2px\">Panu Profesorowi gratulujemy i \u017cyczymy dalszych sukces\u00f3w! A wszystkich s<\/span><span style=\"letter-spacing: 0.2px\">erdecznie zach\u0119camy do g\u0142osowania!<\/span><\/p><p data-start=\"0\" data-end=\"240\"><span style=\"letter-spacing: 0.2px\">\ud83d\udc49 <\/span><span style=\"letter-spacing: 0.2px\" data-start=\"814\" data-end=\"829\"><span style=\"font-weight: bold\">Link do g\u0142osowania:<br \/><\/span><\/span><span style=\"letter-spacing: 0.2px\">https:\/\/gazetakrakowska.pl\/dr-hab-tomasz-sawoszczuk\/pk\/8480587<\/span><br \/><br \/><span style=\"letter-spacing: 0.2px\">lub <b>kliknij przycisk poni\u017cej\u00a0<\/b><\/span>\u2b07\ufe0f<\/p><\/div><\/div><\/div><\/div>\t\t\t\t\t\t\t\t<\/div>\n\t\t\t\t<\/div>\n\t\t\t\t<div class=\"elementor-element elementor-element-bf28359 elementor-widget elementor-widget-button\" data-id=\"bf28359\" data-element_type=\"widget\" data-widget_type=\"button.default\">\n\t\t\t\t<div class=\"elementor-widget-container\">\n\t\t\t\t\t\t\t\t\t<div class=\"elementor-button-wrapper\">\n\t\t\t\t\t<a class=\"elementor-button elementor-button-link elementor-size-sm\" href=\"https:\/\/gazetakrakowska.pl\/dr-hab-tomasz-sawoszczuk\/pk\/8480587\">\n\t\t\t\t\t\t<span class=\"elementor-button-content-wrapper\">\n\t\t\t\t\t\t\t\t\t<span class=\"elementor-button-text\">g\u0142osowanie<\/span>\n\t\t\t\t\t<\/span>\n\t\t\t\t\t<\/a>\n\t\t\t\t<\/div>\n\t\t\t\t\t\t\t\t<\/div>\n\t\t\t\t<\/div>\n\t\t\t\t\t<\/div>\n\t\t<\/div>\n\t\t\t\t<div class=\"elementor-column elementor-col-33 elementor-top-column elementor-element elementor-element-3efa68e\" data-id=\"3efa68e\" data-element_type=\"column\">\n\t\t\t<div class=\"elementor-widget-wrap elementor-element-populated\">\n\t\t\t\t\t\t<div class=\"elementor-element elementor-element-b0a9f54 elementor-widget elementor-widget-heading\" data-id=\"b0a9f54\" data-element_type=\"widget\" data-widget_type=\"heading.default\">\n\t\t\t\t<div class=\"elementor-widget-container\">\n\t\t\t\t\t<h2 class=\"elementor-heading-title elementor-size-default\"><a href=\"https:\/\/uek.krakow.pl\/artykuly\/aktualnosci\/dowiedzielismy-sie-jak-pachna-mumie-przelomowe-badania-naukowcow\">Dowiedzieli\u015bmy si\u0119 jak pachn\u0105 mumie \u2013 prze\u0142omowe badania naukowc\u00f3w<\/a><\/h2>\t\t\t\t<\/div>\n\t\t\t\t<\/div>\n\t\t\t\t<div class=\"elementor-element elementor-element-59a05c8 elementor-widget__width-initial elementor-widget elementor-widget-image\" data-id=\"59a05c8\" data-element_type=\"widget\" data-widget_type=\"image.default\">\n\t\t\t\t<div class=\"elementor-widget-container\">\n\t\t\t\t\t\t\t\t\t\t\t\t\t\t\t\t<a href=\"https:\/\/uek.krakow.pl\/artykuly\/aktualnosci\/dowiedzielismy-sie-jak-pachna-mumie-przelomowe-badania-naukowcow\">\n\t\t\t\t\t\t\t<img decoding=\"async\" width=\"854\" height=\"640\" src=\"https:\/\/injzp.uek.krakow.pl\/km\/wp-content\/uploads\/sites\/7\/2025\/02\/1-1.jpg\" class=\"attachment-full size-full wp-image-2380\" alt=\"\" srcset=\"https:\/\/injzp.uek.krakow.pl\/km\/wp-content\/uploads\/sites\/7\/2025\/02\/1-1.jpg 854w, https:\/\/injzp.uek.krakow.pl\/km\/wp-content\/uploads\/sites\/7\/2025\/02\/1-1-300x225.jpg 300w, https:\/\/injzp.uek.krakow.pl\/km\/wp-content\/uploads\/sites\/7\/2025\/02\/1-1-768x576.jpg 768w\" sizes=\"(max-width: 854px) 100vw, 854px\" \/>\t\t\t\t\t\t\t\t<\/a>\n\t\t\t\t\t\t\t\t\t\t\t\t\t\t\t<\/div>\n\t\t\t\t<\/div>\n\t\t\t\t<div class=\"elementor-element elementor-element-cc39d11 elementor-widget elementor-widget-text-editor\" data-id=\"cc39d11\" data-element_type=\"widget\" data-widget_type=\"text-editor.default\">\n\t\t\t\t<div class=\"elementor-widget-container\">\n\t\t\t\t\t\t\t\t\t<div><div dir=\"auto\" data-message-author-role=\"assistant\" data-message-id=\"4ef032f0-2c08-4546-bdb9-1d7a458f0239\" data-message-model-slug=\"gpt-4o\"><div><div><p data-start=\"0\" data-end=\"240\">Mi\u0119dzynarodowy zesp\u00f3\u0142 badawczy, w tym <strong>prof. Tomasz Sawoszczuk z UEK<\/strong>, w ramach mi\u0119dzynarodowego projektu Odotheka, finansowanego przez NCN, zbada\u0142 zapach dziewi\u0119ciu mumii w Muzeum Egipskim w Kairze. Dzi\u0119ki nowoczesnym technikom wykryto aromaty \u017cywic, olejk\u00f3w i kadzide\u0142, kluczowych dla staro\u017cytnej balsamacji. <span style=\"color: var( --e-global-color-text );letter-spacing: 0.2px\">Analiza chemiczna pozwoli\u0142a sklasyfikowa\u0107 zwi\u0105zki wed\u0142ug ich pochodzenia. Naukowcy podkre\u015blaj\u0105 rol\u0119 zapach\u00f3w w zrozumieniu historii i planuj\u0105 ich rekonstrukcj\u0119, by wzbogaci\u0107 muzealne do\u015bwiadczenia zwiedzaj\u0105cych.<\/span><\/p><\/div><\/div><\/div><\/div>\t\t\t\t\t\t\t\t<\/div>\n\t\t\t\t<\/div>\n\t\t\t\t<div class=\"elementor-element elementor-element-5e486e5 elementor-widget elementor-widget-button\" data-id=\"5e486e5\" data-element_type=\"widget\" data-widget_type=\"button.default\">\n\t\t\t\t<div class=\"elementor-widget-container\">\n\t\t\t\t\t\t\t\t\t<div class=\"elementor-button-wrapper\">\n\t\t\t\t\t<a class=\"elementor-button elementor-button-link elementor-size-sm\" href=\"https:\/\/pubs.acs.org\/doi\/epdf\/10.1021\/jacs.4c15769?ref=article_openPDF\">\n\t\t\t\t\t\t<span class=\"elementor-button-content-wrapper\">\n\t\t\t\t\t\t\t\t\t<span class=\"elementor-button-text\">publikacja<\/span>\n\t\t\t\t\t<\/span>\n\t\t\t\t\t<\/a>\n\t\t\t\t<\/div>\n\t\t\t\t\t\t\t\t<\/div>\n\t\t\t\t<\/div>\n\t\t\t\t\t<\/div>\n\t\t<\/div>\n\t\t\t\t<div class=\"elementor-column elementor-col-33 elementor-top-column elementor-element elementor-element-7a12060\" data-id=\"7a12060\" data-element_type=\"column\">\n\t\t\t<div class=\"elementor-widget-wrap\">\n\t\t\t\t\t\t\t<\/div>\n\t\t<\/div>\n\t\t\t\t\t<\/div>\n\t\t<\/section>\n\t\t\t\t<\/div>\n\t\t","protected":false},"excerpt":{"rendered":"<p>o katedrze Studenci PROJEKTY Oferta PRACOWNICY Aktualno\u015bci Nominacja OSOBOWO\u015a\u0106 ROKU 2025: dr hab. Tomasz Sawoszczuk, prof. UEK Nasz kierownik Katedry Mikrobiologii UEK, dr hab. Tomasz Sawoszczuk, prof. UEK, otrzyma\u0142 nominacj\u0119 do presti\u017cowego tytu\u0142u Osobowo\u015b\u0107 Roku 2025 w kategorii Nauka.\u00a0Kapitu\u0142a konkursu doceni\u0142a jego interdyscyplinarne badania \u0142\u0105cz\u0105ce mikrobiologi\u0119, chemi\u0119 i ochron\u0119 dziedzictwa kulturowego, w tym udzia\u0142 w mi\u0119dzynarodowym projekcie Odotheka, po\u015bwi\u0119conym badaniom zapach\u00f3w zabytk\u00f3w (m.in. mumii egipskich i Damy z gronostajem), oraz w projekcie \u201eRatujemy Pelpli\u0144sk\u0105 Bibli\u0119 Gutenberga\u201d. Panu Profesorowi gratulujemy i \u017cyczymy dalszych sukces\u00f3w! A wszystkich serdecznie zach\u0119camy do g\u0142osowania! \ud83d\udc49 Link do g\u0142osowania:https:\/\/gazetakrakowska.pl\/dr-hab-tomasz-sawoszczuk\/pk\/8480587 lub kliknij przycisk poni\u017cej\u00a0\u2b07\ufe0f g\u0142osowanie Dowiedzieli\u015bmy si\u0119 jak pachn\u0105 mumie \u2013 prze\u0142omowe badania naukowc\u00f3w Mi\u0119dzynarodowy zesp\u00f3\u0142 badawczy, w tym prof. Tomasz Sawoszczuk z UEK, w ramach mi\u0119dzynarodowego projektu Odotheka, finansowanego przez NCN, zbada\u0142 zapach dziewi\u0119ciu mumii w Muzeum Egipskim w Kairze. Dzi\u0119ki nowoczesnym technikom wykryto aromaty \u017cywic, olejk\u00f3w i kadzide\u0142, kluczowych dla staro\u017cytnej balsamacji. Analiza chemiczna pozwoli\u0142a sklasyfikowa\u0107 zwi\u0105zki wed\u0142ug ich pochodzenia. Naukowcy podkre\u015blaj\u0105 rol\u0119 zapach\u00f3w w zrozumieniu historii i planuj\u0105 ich rekonstrukcj\u0119, by wzbogaci\u0107 muzealne do\u015bwiadczenia zwiedzaj\u0105cych. publikacja<\/p>\n","protected":false},"author":1,"featured_media":0,"parent":0,"menu_order":0,"comment_status":"closed","ping_status":"closed","template":"elementor_header_footer","meta":{"footnotes":""},"class_list":["post-472","page","type-page","status-publish","hentry"],"_links":{"self":[{"href":"https:\/\/injzp.uek.krakow.pl\/km\/wp-json\/wp\/v2\/pages\/472","targetHints":{"allow":["GET"]}}],"collection":[{"href":"https:\/\/injzp.uek.krakow.pl\/km\/wp-json\/wp\/v2\/pages"}],"about":[{"href":"https:\/\/injzp.uek.krakow.pl\/km\/wp-json\/wp\/v2\/types\/page"}],"author":[{"embeddable":true,"href":"https:\/\/injzp.uek.krakow.pl\/km\/wp-json\/wp\/v2\/users\/1"}],"replies":[{"embeddable":true,"href":"https:\/\/injzp.uek.krakow.pl\/km\/wp-json\/wp\/v2\/comments?post=472"}],"version-history":[{"count":142,"href":"https:\/\/injzp.uek.krakow.pl\/km\/wp-json\/wp\/v2\/pages\/472\/revisions"}],"predecessor-version":[{"id":2623,"href":"https:\/\/injzp.uek.krakow.pl\/km\/wp-json\/wp\/v2\/pages\/472\/revisions\/2623"}],"wp:attachment":[{"href":"https:\/\/injzp.uek.krakow.pl\/km\/wp-json\/wp\/v2\/media?parent=472"}],"curies":[{"name":"wp","href":"https:\/\/api.w.org\/{rel}","templated":true}]}}