{"id":88,"date":"2023-02-19T00:19:19","date_gmt":"2023-02-18T23:19:19","guid":{"rendered":"https:\/\/ie.uek.krakow.pl\/ke\/?page_id=88"},"modified":"2025-03-31T15:52:20","modified_gmt":"2025-03-31T13:52:20","slug":"o-katedrze","status":"publish","type":"page","link":"https:\/\/injzp.uek.krakow.pl\/kot\/o-katedrze\/","title":{"rendered":"O Katedrze"},"content":{"rendered":"\t\t<div data-elementor-type=\"wp-page\" data-elementor-id=\"88\" class=\"elementor elementor-88\" data-elementor-post-type=\"page\">\n\t\t\t\t\t\t<section data-particle_enable=\"false\" data-particle-mobile-disabled=\"false\" class=\"elementor-section elementor-top-section elementor-element elementor-element-4ca67fb elementor-section-boxed elementor-section-height-default elementor-section-height-default\" data-id=\"4ca67fb\" data-element_type=\"section\" data-settings=\"{&quot;jet_parallax_layout_list&quot;:[]}\">\n\t\t\t\t\t\t<div class=\"elementor-container elementor-column-gap-default\">\n\t\t\t\t\t<div class=\"elementor-column elementor-col-100 elementor-top-column elementor-element elementor-element-22e0d310\" data-id=\"22e0d310\" data-element_type=\"column\">\n\t\t\t<div class=\"elementor-widget-wrap elementor-element-populated\">\n\t\t\t\t\t\t<div class=\"elementor-element elementor-element-7c047738 elementor-widget elementor-widget-jet-headline\" data-id=\"7c047738\" data-element_type=\"widget\" data-widget_type=\"jet-headline.default\">\n\t\t\t\t<div class=\"elementor-widget-container\">\n\t\t\t\t\t<h2 class=\"jet-headline jet-headline--direction-horizontal\"><span class=\"jet-headline__part jet-headline__first\"><span class=\"jet-headline__label\">Katedra <\/span><\/span><span class=\"jet-headline__space\">&nbsp;<\/span><span class=\"jet-headline__part jet-headline__second\"><span class=\"jet-headline__label\">OPAKOWALNICTWA i proces\u00f3W logistycznych<\/span><\/span><\/h2>\t\t\t\t<\/div>\n\t\t\t\t<\/div>\n\t\t\t\t<div class=\"elementor-element elementor-element-27706e0c elementor-widget-divider--view-line elementor-invisible elementor-widget elementor-widget-divider\" data-id=\"27706e0c\" data-element_type=\"widget\" data-settings=\"{&quot;_animation&quot;:&quot;fadeInLeft&quot;}\" data-widget_type=\"divider.default\">\n\t\t\t\t<div class=\"elementor-widget-container\">\n\t\t\t\t\t\t\t<div class=\"elementor-divider\">\n\t\t\t<span class=\"elementor-divider-separator\">\n\t\t\t\t\t\t<\/span>\n\t\t<\/div>\n\t\t\t\t\t\t<\/div>\n\t\t\t\t<\/div>\n\t\t\t\t<div class=\"elementor-element elementor-element-64fa2182 elementor-widget elementor-widget-text-editor\" data-id=\"64fa2182\" data-element_type=\"widget\" data-widget_type=\"text-editor.default\">\n\t\t\t\t<div class=\"elementor-widget-container\">\n\t\t\t\t\t\t\t\t\t<p>Katedra Opakowalnictwa i Proces\u00f3w Logistycznych jest jednostk\u0105 organizacyjn\u0105 wydzielon\u0105 na Wydziale Towaroznawstwa od 1981 roku, pocz\u0105tkowo jako Zak\u0142ad Opakowa\u0144 i Przechowalnictwa Towar\u00f3w. Od 1992 roku Zak\u0142ad zosta\u0142 przekszta\u0142cony w Katedr\u0119 Opakowalnictwa Towar\u00f3w, kt\u00f3ra w 2024 zmieni\u0142a nazw\u0119 na Katedr\u0119 Opakowalnictwa i Proces\u00f3w Logistycznych.&nbsp;<\/p>\n<p>W 2020 r. po zmianie struktury organizacyjnej Uczelni, Katedra jest jednostk\u0105 funkcjonuj\u0105c\u0105 w Instytucie Nauk o Jako\u015bci i Zarz\u0105dzania Produktem.<\/p>\n<p>Do 30 wrze\u015bnia 2000 roku funkcj\u0119 kierownika Katedry pe\u0142ni\u0142 prof. dr hab. Marian Cicho\u0144, a nast\u0119pnie obowi\u0105zki kierownika przej\u0119\u0142a i realizowa\u0142a do 30 wrze\u015bnia 2021 rok, prof. dr hab. Ma\u0142gorzata Lisi\u0144ska-Ku\u015bnierz. <br>Od 1 pa\u017adziernika 2021 roku funkcj\u0119 kierownika Katedry sprawuje prof. UEK, dr hab. in\u017c. Agnieszka Cholewa-W\u00f3jcik.<\/p>\t\t\t\t\t\t\t\t<\/div>\n\t\t\t\t<\/div>\n\t\t\t\t<div class=\"elementor-element elementor-element-7c7342c elementor-widget elementor-widget-image\" data-id=\"7c7342c\" data-element_type=\"widget\" data-widget_type=\"image.default\">\n\t\t\t\t<div class=\"elementor-widget-container\">\n\t\t\t\t\t\t\t\t\t\t\t\t\t\t\t<img decoding=\"async\" src=\"https:\/\/ie.uek.krakow.pl\/ke\/wp-content\/uploads\/sites\/3\/2023\/02\/placeholder-1.png\" title=\"\" alt=\"\" loading=\"lazy\" \/>\t\t\t\t\t\t\t\t\t\t\t\t\t\t\t<\/div>\n\t\t\t\t<\/div>\n\t\t\t\t\t<\/div>\n\t\t<\/div>\n\t\t\t\t\t<\/div>\n\t\t<\/section>\n\t\t\t\t<\/div>\n\t\t","protected":false},"excerpt":{"rendered":"<p>Katedra &nbsp;OPAKOWALNICTWA i proces\u00f3W logistycznych Katedra Opakowalnictwa i Proces\u00f3w Logistycznych jest jednostk\u0105 organizacyjn\u0105 wydzielon\u0105 na Wydziale Towaroznawstwa od 1981 roku, pocz\u0105tkowo jako Zak\u0142ad Opakowa\u0144 i Przechowalnictwa Towar\u00f3w. Od 1992 roku Zak\u0142ad zosta\u0142 przekszta\u0142cony w Katedr\u0119 Opakowalnictwa Towar\u00f3w, kt\u00f3ra w 2024 zmieni\u0142a nazw\u0119 na Katedr\u0119 Opakowalnictwa i Proces\u00f3w Logistycznych.&nbsp; W 2020 r. po zmianie struktury organizacyjnej Uczelni, Katedra jest jednostk\u0105 funkcjonuj\u0105c\u0105 w Instytucie Nauk o Jako\u015bci i Zarz\u0105dzania Produktem. Do 30 wrze\u015bnia 2000 roku funkcj\u0119 kierownika Katedry pe\u0142ni\u0142 prof. dr hab. Marian Cicho\u0144, a nast\u0119pnie obowi\u0105zki kierownika przej\u0119\u0142a i realizowa\u0142a do 30 wrze\u015bnia 2021 rok, prof. dr hab. Ma\u0142gorzata Lisi\u0144ska-Ku\u015bnierz. Od 1 pa\u017adziernika 2021 roku funkcj\u0119 kierownika Katedry sprawuje prof. UEK, dr hab. in\u017c. Agnieszka Cholewa-W\u00f3jcik.<\/p>\n","protected":false},"author":1,"featured_media":0,"parent":0,"menu_order":0,"comment_status":"closed","ping_status":"closed","template":"elementor_header_footer","meta":{"footnotes":""},"class_list":["post-88","page","type-page","status-publish","hentry"],"_links":{"self":[{"href":"https:\/\/injzp.uek.krakow.pl\/kot\/wp-json\/wp\/v2\/pages\/88","targetHints":{"allow":["GET"]}}],"collection":[{"href":"https:\/\/injzp.uek.krakow.pl\/kot\/wp-json\/wp\/v2\/pages"}],"about":[{"href":"https:\/\/injzp.uek.krakow.pl\/kot\/wp-json\/wp\/v2\/types\/page"}],"author":[{"embeddable":true,"href":"https:\/\/injzp.uek.krakow.pl\/kot\/wp-json\/wp\/v2\/users\/1"}],"replies":[{"embeddable":true,"href":"https:\/\/injzp.uek.krakow.pl\/kot\/wp-json\/wp\/v2\/comments?post=88"}],"version-history":[{"count":12,"href":"https:\/\/injzp.uek.krakow.pl\/kot\/wp-json\/wp\/v2\/pages\/88\/revisions"}],"predecessor-version":[{"id":2525,"href":"https:\/\/injzp.uek.krakow.pl\/kot\/wp-json\/wp\/v2\/pages\/88\/revisions\/2525"}],"wp:attachment":[{"href":"https:\/\/injzp.uek.krakow.pl\/kot\/wp-json\/wp\/v2\/media?parent=88"}],"curies":[{"name":"wp","href":"https:\/\/api.w.org\/{rel}","templated":true}]}}