{"id":2395,"date":"2025-11-03T12:59:51","date_gmt":"2025-11-03T11:59:51","guid":{"rendered":"https:\/\/injzp.uek.krakow.pl\/kzj\/?post_type=konferencjeseminaria&#038;p=2395"},"modified":"2025-11-04T10:43:22","modified_gmt":"2025-11-04T09:43:22","slug":"quality-of-the-future-the-future-of-quality-2026","status":"publish","type":"konferencjeseminaria","link":"https:\/\/injzp.uek.krakow.pl\/kzj\/konferencjeseminaria\/quality-of-the-future-the-future-of-quality-2026\/","title":{"rendered":"Quality of the Future \u2013 The Future of Quality 2026"},"content":{"rendered":"\t\t<div data-elementor-type=\"wp-post\" data-elementor-id=\"2395\" class=\"elementor elementor-2395\" data-elementor-post-type=\"konferencjeseminaria\">\n\t\t\t\t\t\t<section data-particle_enable=\"false\" data-particle-mobile-disabled=\"false\" class=\"elementor-section elementor-top-section elementor-element elementor-element-7428913 elementor-section-boxed elementor-section-height-default elementor-section-height-default\" data-id=\"7428913\" data-element_type=\"section\" data-settings=\"{&quot;jet_parallax_layout_list&quot;:[]}\">\n\t\t\t\t\t\t<div class=\"elementor-container elementor-column-gap-default\">\n\t\t\t\t\t<div class=\"elementor-column elementor-col-100 elementor-top-column elementor-element elementor-element-566f8ca\" data-id=\"566f8ca\" data-element_type=\"column\">\n\t\t\t<div class=\"elementor-widget-wrap elementor-element-populated\">\n\t\t\t\t\t\t<div class=\"elementor-element elementor-element-de4e311 elementor-widget elementor-widget-text-editor\" data-id=\"de4e311\" data-element_type=\"widget\" data-widget_type=\"text-editor.default\">\n\t\t\t\t<div class=\"elementor-widget-container\">\n\t\t\t\t\t\t\t\t\t<blockquote><h4>QUALITY OF THE FUTURE &#8211; THE FUTURE OF QUALITY<\/h4><\/blockquote>\t\t\t\t\t\t\t\t<\/div>\n\t\t\t\t<\/div>\n\t\t\t\t<div class=\"elementor-element elementor-element-06009c3 elementor-widget elementor-widget-eael-adv-tabs\" data-id=\"06009c3\" data-element_type=\"widget\" data-widget_type=\"eael-adv-tabs.default\">\n\t\t\t\t<div class=\"elementor-widget-container\">\n\t\t\t\t\t        <div data-scroll-on-click=\"no\" data-scroll-speed=\"300\" id=\"eael-advance-tabs-06009c3\" class=\"eael-advance-tabs eael-tabs-vertical eael-tab-auto-active  active-caret-on\" data-tabid=\"06009c3\">\n            <div class=\"eael-tabs-nav\">\n                <ul class=\"eael-tab-inline-icon\" role=\"tablist\">\n                                            <li id=\"o-konferencji\" class=\"inactive eael-tab-item-trigger eael-tab-nav-item\" aria-selected=\"true\" data-tab=\"1\" role=\"tab\" tabindex=\"0\" aria-controls=\"o-konferencji-tab\" aria-expanded=\"false\">\n                            \n                                                                <i class=\"fas fa-info-circle\"><\/i>                                                            \n                                                            <span class=\"eael-tab-title title-after-icon\" >O konferencji<\/span>                            \n                                                    <\/li>\n                                    <\/ul>\n            <\/div>\n            \n            <div class=\"eael-tabs-content\">\n\t\t        \n                    <div id=\"o-konferencji-tab\" class=\"clearfix eael-tab-content-item inactive\" data-title-link=\"o-konferencji-tab\">\n\t\t\t\t        <p>Zapraszamy serdecznie do udzia\u0142u w XIII Krajowej i V Mi\u0119dzynarodowej Konferencji Naukowej <strong>\u201eQuality of the Future \u2013 The Future of Quality\u201d<\/strong>,<br \/>kt\u00f3ra odb\u0119dzie si\u0119 w dniach 18\u201319 czerwca 2026 roku w Krakowie.<br aria-hidden=\"true\" \/><br aria-hidden=\"true\" \/><\/p><p><span data-olk-copy-source=\"MessageBody\">Celem konferencji jest stworzenie platformy do\u00a0prezentacji wynik\u00f3w bada\u0144 z\u00a0zakresu nauk o\u00a0zarz\u0105dzaniu, do\u00a0nawi\u0105zywania nowych kontakt\u00f3w oraz\u00a0dzielenia si\u0119 innowacyjnymi pomys\u0142ami w\u00a0zakresie jako\u015bci.<\/span><\/p><p>Konferencja\u00a0planowana jest w\u00a0formie hybrydowej.<\/p><p>Zakres merytoryczny konferencji i pozosta\u0142e szczeg\u00f3\u0142y znajdziecie Pa\u0144stwo pod linkiem <a href=\"_wp_link_placeholder\" data-wplink-edit=\"true\">https:\/\/qffq.uek.krakow.pl\/<\/a><\/p><p>Op\u0142at\u0119 konferencyjn\u0105 prosimy dokonywa\u0107 na konto <b>70 2490 0005 0000 4600 9378 0221<\/b><\/p><p>Tytu\u0142 wp\u0142aty:<b> QFFQ 2026 <\/b>+ <b>Imi\u0119 i nazwisko uczestnika<\/b><\/p><p>Zach\u0119camy do\u00a0bezpo\u015bredniego udzia\u0142u w tym\u00a0wydarzeniu\u00a0i przekazania naszego zaproszenia swoim wsp\u00f3\u0142pracownikom.<\/p><p><b>Organizatorzy QFFQ 2026<\/b><\/p><p>Katedra Zarz\u0105dzania Jako\u015bci\u0105<\/p><p>Uniwersytetu\u00a0Ekonomicznego\u00a0w Krakowie<\/p>                    <\/div>\n\t\t                    <\/div>\n        <\/div>\n\t\t\t\t<\/div>\n\t\t\t\t<\/div>\n\t\t\t\t\t<\/div>\n\t\t<\/div>\n\t\t\t\t\t<\/div>\n\t\t<\/section>\n\t\t\t\t<\/div>\n\t\t","protected":false},"excerpt":{"rendered":"<p>QUALITY OF THE FUTURE &#8211; THE FUTURE OF QUALITY O konferencji Zapraszamy serdecznie do udzia\u0142u w XIII Krajowej i V Mi\u0119dzynarodowej Konferencji Naukowej \u201eQuality of the Future \u2013 The Future of Quality\u201d,kt\u00f3ra odb\u0119dzie si\u0119 w dniach 18\u201319 czerwca 2026 roku w Krakowie. Celem konferencji jest stworzenie platformy do\u00a0prezentacji wynik\u00f3w bada\u0144 z\u00a0zakresu nauk o\u00a0zarz\u0105dzaniu, do\u00a0nawi\u0105zywania nowych kontakt\u00f3w oraz\u00a0dzielenia si\u0119 innowacyjnymi pomys\u0142ami w\u00a0zakresie jako\u015bci. Konferencja\u00a0planowana jest w\u00a0formie hybrydowej. Zakres merytoryczny konferencji i pozosta\u0142e szczeg\u00f3\u0142y znajdziecie Pa\u0144stwo pod linkiem https:\/\/qffq.uek.krakow.pl\/ Op\u0142at\u0119 konferencyjn\u0105 prosimy dokonywa\u0107 na konto 70 2490 0005 0000 4600 9378 0221 Tytu\u0142 wp\u0142aty: QFFQ 2026 + Imi\u0119 i nazwisko uczestnika Zach\u0119camy do\u00a0bezpo\u015bredniego udzia\u0142u w tym\u00a0wydarzeniu\u00a0i przekazania naszego zaproszenia swoim wsp\u00f3\u0142pracownikom. Organizatorzy QFFQ 2026 Katedra Zarz\u0105dzania Jako\u015bci\u0105 Uniwersytetu\u00a0Ekonomicznego\u00a0w Krakowie<\/p>\n","protected":false},"author":13,"featured_media":0,"parent":0,"menu_order":0,"template":"elementor_header_footer","format":"standard","meta":[],"class_list":["post-2395","konferencjeseminaria","type-konferencjeseminaria","status-publish","format-standard","hentry"],"_links":{"self":[{"href":"https:\/\/injzp.uek.krakow.pl\/kzj\/wp-json\/wp\/v2\/konferencjeseminaria\/2395","targetHints":{"allow":["GET"]}}],"collection":[{"href":"https:\/\/injzp.uek.krakow.pl\/kzj\/wp-json\/wp\/v2\/konferencjeseminaria"}],"about":[{"href":"https:\/\/injzp.uek.krakow.pl\/kzj\/wp-json\/wp\/v2\/types\/konferencjeseminaria"}],"author":[{"embeddable":true,"href":"https:\/\/injzp.uek.krakow.pl\/kzj\/wp-json\/wp\/v2\/users\/13"}],"version-history":[{"count":19,"href":"https:\/\/injzp.uek.krakow.pl\/kzj\/wp-json\/wp\/v2\/konferencjeseminaria\/2395\/revisions"}],"predecessor-version":[{"id":2437,"href":"https:\/\/injzp.uek.krakow.pl\/kzj\/wp-json\/wp\/v2\/konferencjeseminaria\/2395\/revisions\/2437"}],"wp:attachment":[{"href":"https:\/\/injzp.uek.krakow.pl\/kzj\/wp-json\/wp\/v2\/media?parent=2395"}],"curies":[{"name":"wp","href":"https:\/\/api.w.org\/{rel}","templated":true}]}}