{"id":2005,"date":"2023-12-13T17:27:15","date_gmt":"2023-12-13T16:27:15","guid":{"rendered":"https:\/\/injzp.uek.krakow.pl\/kzp\/?post_type=pracownicy&#038;p=2005"},"modified":"2025-06-08T11:36:37","modified_gmt":"2025-06-08T09:36:37","slug":"mgr-julia-karcz-ryndak","status":"publish","type":"pracownicy","link":"https:\/\/injzp.uek.krakow.pl\/kzp\/pracownicy\/mgr-julia-karcz-ryndak\/","title":{"rendered":"mgr Julia Karcz &#8211; Ryndak"},"content":{"rendered":"\t\t<div data-elementor-type=\"wp-post\" data-elementor-id=\"2005\" class=\"elementor elementor-2005\" data-elementor-post-type=\"pracownicy\">\n\t\t\t\t\t\t<section data-particle_enable=\"false\" data-particle-mobile-disabled=\"false\" class=\"elementor-section elementor-top-section elementor-element elementor-element-3b9614d elementor-section-boxed elementor-section-height-default elementor-section-height-default\" data-id=\"3b9614d\" data-element_type=\"section\" data-settings=\"{&quot;jet_parallax_layout_list&quot;:[{&quot;_id&quot;:&quot;80d470e&quot;,&quot;jet_parallax_layout_image&quot;:{&quot;url&quot;:&quot;&quot;,&quot;id&quot;:&quot;&quot;,&quot;size&quot;:&quot;&quot;},&quot;jet_parallax_layout_image_tablet&quot;:{&quot;url&quot;:&quot;&quot;,&quot;id&quot;:&quot;&quot;,&quot;size&quot;:&quot;&quot;},&quot;jet_parallax_layout_image_mobile&quot;:{&quot;url&quot;:&quot;&quot;,&quot;id&quot;:&quot;&quot;,&quot;size&quot;:&quot;&quot;},&quot;jet_parallax_layout_speed&quot;:{&quot;unit&quot;:&quot;%&quot;,&quot;size&quot;:50,&quot;sizes&quot;:[]},&quot;jet_parallax_layout_type&quot;:&quot;scroll&quot;,&quot;jet_parallax_layout_direction&quot;:null,&quot;jet_parallax_layout_fx_direction&quot;:null,&quot;jet_parallax_layout_z_index&quot;:&quot;&quot;,&quot;jet_parallax_layout_bg_x&quot;:50,&quot;jet_parallax_layout_bg_x_tablet&quot;:&quot;&quot;,&quot;jet_parallax_layout_bg_x_mobile&quot;:&quot;&quot;,&quot;jet_parallax_layout_bg_y&quot;:50,&quot;jet_parallax_layout_bg_y_tablet&quot;:&quot;&quot;,&quot;jet_parallax_layout_bg_y_mobile&quot;:&quot;&quot;,&quot;jet_parallax_layout_bg_size&quot;:&quot;auto&quot;,&quot;jet_parallax_layout_bg_size_tablet&quot;:&quot;&quot;,&quot;jet_parallax_layout_bg_size_mobile&quot;:&quot;&quot;,&quot;jet_parallax_layout_animation_prop&quot;:&quot;transform&quot;,&quot;jet_parallax_layout_on&quot;:[&quot;desktop&quot;,&quot;tablet&quot;]}]}\">\n\t\t\t\t\t\t<div class=\"elementor-container elementor-column-gap-default\">\n\t\t\t\t\t<div class=\"elementor-column elementor-col-33 elementor-top-column elementor-element elementor-element-7901abea\" data-id=\"7901abea\" data-element_type=\"column\">\n\t\t\t<div class=\"elementor-widget-wrap elementor-element-populated\">\n\t\t\t\t\t\t<div class=\"elementor-element elementor-element-525ca7f7 elementor-mobile-align-center elementor-icon-list--layout-traditional elementor-list-item-link-full_width elementor-widget elementor-widget-icon-list\" data-id=\"525ca7f7\" data-element_type=\"widget\" data-widget_type=\"icon-list.default\">\n\t\t\t\t<div class=\"elementor-widget-container\">\n\t\t\t\t\t\t\t<ul class=\"elementor-icon-list-items\">\n\t\t\t\t\t\t\t<li class=\"elementor-icon-list-item\">\n\t\t\t\t\t\t\t\t\t\t\t<a href=\"mailto:jkarcz@uek.krakow.pl\">\n\n\t\t\t\t\t\t\t\t\t\t\t\t<span class=\"elementor-icon-list-icon\">\n\t\t\t\t\t\t\t<i aria-hidden=\"true\" class=\"far fa-envelope\"><\/i>\t\t\t\t\t\t<\/span>\n\t\t\t\t\t\t\t\t\t\t<span class=\"elementor-icon-list-text\">jkarcz@uek.krakow.pl<\/span>\n\t\t\t\t\t\t\t\t\t\t\t<\/a>\n\t\t\t\t\t\t\t\t\t<\/li>\n\t\t\t\t\t\t\t\t<li class=\"elementor-icon-list-item\">\n\t\t\t\t\t\t\t\t\t\t\t<a href=\"tel:(+48)%2012%20293%2051%2070\">\n\n\t\t\t\t\t\t\t\t\t\t\t\t<span class=\"elementor-icon-list-icon\">\n\t\t\t\t\t\t\t<i aria-hidden=\"true\" class=\"fas fa-phone-alt\"><\/i>\t\t\t\t\t\t<\/span>\n\t\t\t\t\t\t\t\t\t\t<span class=\"elementor-icon-list-text\">(+48) 12 293 51 70<\/span>\n\t\t\t\t\t\t\t\t\t\t\t<\/a>\n\t\t\t\t\t\t\t\t\t<\/li>\n\t\t\t\t\t\t\t\t<li class=\"elementor-icon-list-item\">\n\t\t\t\t\t\t\t\t\t\t\t<a href=\"https:\/\/e-uczelnia.uek.krakow.pl\/course\/view.php?id=23918\" target=\"_blank\">\n\n\t\t\t\t\t\t\t\t\t\t\t\t<span class=\"elementor-icon-list-icon\">\n\t\t\t\t\t\t\t<i aria-hidden=\"true\" class=\"fas fa-comments\"><\/i>\t\t\t\t\t\t<\/span>\n\t\t\t\t\t\t\t\t\t\t<span class=\"elementor-icon-list-text\">Sprawd\u017a konsultacje<\/span>\n\t\t\t\t\t\t\t\t\t\t\t<\/a>\n\t\t\t\t\t\t\t\t\t<\/li>\n\t\t\t\t\t\t\t\t<li class=\"elementor-icon-list-item\">\n\t\t\t\t\t\t\t\t\t\t\t<span class=\"elementor-icon-list-icon\">\n\t\t\t\t\t\t\t<i aria-hidden=\"true\" class=\"fas fa-map-marker-alt\"><\/i>\t\t\t\t\t\t<\/span>\n\t\t\t\t\t\t\t\t\t\t<span class=\"elementor-icon-list-text\">Pawilon U, pok. 501<\/span>\n\t\t\t\t\t\t\t\t\t<\/li>\n\t\t\t\t\t\t<\/ul>\n\t\t\t\t\t\t<\/div>\n\t\t\t\t<\/div>\n\t\t\t\t<div class=\"elementor-element elementor-element-20d84377 elementor-widget elementor-widget-spacer\" data-id=\"20d84377\" data-element_type=\"widget\" data-widget_type=\"spacer.default\">\n\t\t\t\t<div class=\"elementor-widget-container\">\n\t\t\t\t\t\t\t<div class=\"elementor-spacer\">\n\t\t\t<div class=\"elementor-spacer-inner\"><\/div>\n\t\t<\/div>\n\t\t\t\t\t\t<\/div>\n\t\t\t\t<\/div>\n\t\t\t\t<div class=\"elementor-element elementor-element-40095c65 elementor-position-left elementor-vertical-align-top elementor-widget elementor-widget-image-box\" data-id=\"40095c65\" data-element_type=\"widget\" data-widget_type=\"image-box.default\">\n\t\t\t\t<div class=\"elementor-widget-container\">\n\t\t\t\t\t<div class=\"elementor-image-box-wrapper\"><figure class=\"elementor-image-box-img\"><a href=\"https:\/\/bazybg.uek.krakow.pl\/dorobek\/welcome\/bibliografia\/6684\/0\/0\/0\" tabindex=\"-1\"><img fetchpriority=\"high\" decoding=\"async\" width=\"420\" height=\"445\" src=\"https:\/\/injzp.uek.krakow.pl\/kzp\/wp-content\/uploads\/sites\/11\/2023\/02\/publikacje-dorobek.png\" class=\"elementor-animation-pulse attachment-full size-full wp-image-186\" alt=\"\" srcset=\"https:\/\/injzp.uek.krakow.pl\/kzp\/wp-content\/uploads\/sites\/11\/2023\/02\/publikacje-dorobek.png 420w, https:\/\/injzp.uek.krakow.pl\/kzp\/wp-content\/uploads\/sites\/11\/2023\/02\/publikacje-dorobek-283x300.png 283w\" sizes=\"(max-width: 420px) 100vw, 420px\" \/><\/a><\/figure><div class=\"elementor-image-box-content\"><h3 class=\"elementor-image-box-title\"><a href=\"https:\/\/bazybg.uek.krakow.pl\/dorobek\/welcome\/bibliografia\/6684\/0\/0\/0\">Publikacje w bazie \u201eDorobek\u201d  \u00bb<\/a><\/h3><\/div><\/div>\t\t\t\t<\/div>\n\t\t\t\t<\/div>\n\t\t\t\t<div class=\"elementor-element elementor-element-6b18df31 elementor-position-left elementor-vertical-align-top elementor-widget elementor-widget-image-box\" data-id=\"6b18df31\" data-element_type=\"widget\" data-widget_type=\"image-box.default\">\n\t\t\t\t<div class=\"elementor-widget-container\">\n\t\t\t\t\t<div class=\"elementor-image-box-wrapper\"><figure class=\"elementor-image-box-img\"><a href=\"https:\/\/orcid.org\/0000-0002-2749-4325\" tabindex=\"-1\"><img decoding=\"async\" width=\"100\" height=\"100\" src=\"https:\/\/injzp.uek.krakow.pl\/kzp\/wp-content\/uploads\/sites\/11\/2023\/02\/ORCID-icon.png\" class=\"elementor-animation-pulse attachment-full size-full wp-image-187\" alt=\"\" srcset=\"https:\/\/injzp.uek.krakow.pl\/kzp\/wp-content\/uploads\/sites\/11\/2023\/02\/ORCID-icon.png 100w, https:\/\/injzp.uek.krakow.pl\/kzp\/wp-content\/uploads\/sites\/11\/2023\/02\/ORCID-icon-75x75.png 75w\" sizes=\"(max-width: 100px) 100vw, 100px\" \/><\/a><\/figure><div class=\"elementor-image-box-content\"><h3 class=\"elementor-image-box-title\"><a href=\"https:\/\/orcid.org\/0000-0002-2749-4325\">ORCID \u00bb<\/a><\/h3><\/div><\/div>\t\t\t\t<\/div>\n\t\t\t\t<\/div>\n\t\t\t\t\t<\/div>\n\t\t<\/div>\n\t\t\t\t<div class=\"elementor-column elementor-col-33 elementor-top-column elementor-element elementor-element-5910100c\" data-id=\"5910100c\" data-element_type=\"column\">\n\t\t\t<div class=\"elementor-widget-wrap\">\n\t\t\t\t\t\t\t<\/div>\n\t\t<\/div>\n\t\t\t\t<div class=\"elementor-column elementor-col-33 elementor-top-column elementor-element elementor-element-c9b68cd\" data-id=\"c9b68cd\" data-element_type=\"column\">\n\t\t\t<div class=\"elementor-widget-wrap elementor-element-populated\">\n\t\t\t\t\t\t<div class=\"elementor-element elementor-element-73235f3d elementor-widget elementor-widget-text-editor\" data-id=\"73235f3d\" data-element_type=\"widget\" data-widget_type=\"text-editor.default\">\n\t\t\t\t<div class=\"elementor-widget-container\">\n\t\t\t\t\t\t\t\t\t<blockquote><p>Asystent w Katedrze Zarz\u0105dzania Procesowego. Specjalista w zakresie zarz\u0105dzania, finans\u00f3w przedsi\u0119biorstw i psychologii biznesu. Rozwija si\u0119 r\u00f3wnie\u017c w kierunku psychologii osobowo\u015bci. Zwi\u0105zana z bran\u017c\u0105 informatyczn\u0105, winiarsk\u0105, artystyczn\u0105 i trzecim sektorem. Cz\u0142onek zarz\u0105du Fundacji Vitellonis. Badacz sektora kultury i organizacji biznesowych. Specjalizuje si\u0119 w badaniach metodami jako\u015bciowymi i mieszanymi.<\/p><p>W ramach dzia\u0142alno\u015bci naukowo-badawczej podejmuje problematyk\u0119: systemowego uj\u0119cia organizacji; zarz\u0105dzania procesem produkcyjnym; innowacji produktowych; gier organizacyjnych; strategii przedsi\u0119biorstw; ekonomicznych i finansowych uwarunkowa\u0144 dzia\u0142alno\u015bci przedsi\u0119biorstw; koncepcji przyw\u00f3dztwa; psychologicznych i etycznych aspekt\u00f3w funkcjonowania cz\u0142owieka w organizacji. Ponadto rozwija problematyk\u0119 zarz\u0105dzania w kulturze.<\/p><p>W ostatnim okresie rozwija si\u0119 naukowo w dw\u00f3ch obszarach: zarz\u0105dzania teatrem (koncentruj\u0105c si\u0119 na kompetencyjnej perspektywie proces\u00f3w zarz\u0105dzania teatrami o r\u00f3\u017cnych formach w\u0142asno\u015bci) oraz zarz\u0105dzania procesami wdro\u017ceniowymi technologii nowej generacji. Rezultatem po\u0142\u0105czenia tych zainteresowa\u0144 jest projekt badawczy: \u201eZarz\u0105dzanie wsp\u00f3\u0142czesnym teatrem w warunkach post\u0119puj\u0105cych zmian technologicznych z uwzgl\u0119dnieniem perspektywy mi\u0119dzynarodowej\u201d.<\/p><p>Cz\u0142onek zespo\u0142\u00f3w eksperckich ds. implementacji sztucznej inteligencji w procesach biznesowych. Specjalizuje si\u0119 przede wszystkim w modelach AI wykorzystuj\u0105cych dane behawioralne.<\/p><p>Wsp\u00f3\u0142pracuje z zagranicznymi organizacjami i o\u015brodkami badawczymi (m.in. we W\u0142oszech, Chorwacji, Holandii, Czechach i USA). Jest inicjatorem i koordynatorem umowy o wsp\u00f3\u0142pracy naukowej mi\u0119dzy UEK a EFOS w Chorwacji.<\/p><\/blockquote>\t\t\t\t\t\t\t\t<\/div>\n\t\t\t\t<\/div>\n\t\t\t\t\t<\/div>\n\t\t<\/div>\n\t\t\t\t\t<\/div>\n\t\t<\/section>\n\t\t\t\t<\/div>\n\t\t","protected":false},"excerpt":{"rendered":"<p>jkarcz@uek.krakow.pl (+48) 12 293 51 70 Sprawd\u017a konsultacje Pawilon U, pok. 501 \/*! elementor &#8211; v3.17.0 &#8211; 08-11-2023 *\/ .elementor-column .elementor-spacer-inner{height:var(&#8211;spacer-size)}.e-con{&#8211;container-widget-width:100%}.e-con-inner&gt;.elementor-widget-spacer,.e-con&gt;.elementor-widget-spacer{width:var(&#8211;container-widget-width,var(&#8211;spacer-size));&#8211;align-self:var(&#8211;container-widget-align-self,initial);&#8211;flex-shrink:0}.e-con-inner&gt;.elementor-widget-spacer&gt;.elementor-widget-container,.e-con&gt;.elementor-widget-spacer&gt;.elementor-widget-container{height:100%;width:100%}.e-con-inner&gt;.elementor-widget-spacer&gt;.elementor-widget-container&gt;.elementor-spacer,.e-con&gt;.elementor-widget-spacer&gt;.elementor-widget-container&gt;.elementor-spacer{height:100%}.e-con-inner&gt;.elementor-widget-spacer&gt;.elementor-widget-container&gt;.elementor-spacer&gt;.elementor-spacer-inner,.e-con&gt;.elementor-widget-spacer&gt;.elementor-widget-container&gt;.elementor-spacer&gt;.elementor-spacer-inner{height:var(&#8211;container-widget-height,var(&#8211;spacer-size))}.e-con-inner&gt;.elementor-widget-spacer.elementor-widget-empty,.e-con&gt;.elementor-widget-spacer.elementor-widget-empty{position:relative;min-height:22px;min-width:22px}.e-con-inner&gt;.elementor-widget-spacer.elementor-widget-empty .elementor-widget-empty-icon,.e-con&gt;.elementor-widget-spacer.elementor-widget-empty .elementor-widget-empty-icon{position:absolute;top:0;bottom:0;left:0;right:0;margin:auto;padding:0;width:22px;height:22px} \/*! elementor &#8211; v3.17.0 &#8211; 08-11-2023 *\/ .elementor-widget-image-box .elementor-image-box-content{width:100%}@media (min-width:768px){.elementor-widget-image-box.elementor-position-left .elementor-image-box-wrapper,.elementor-widget-image-box.elementor-position-right .elementor-image-box-wrapper{display:flex}.elementor-widget-image-box.elementor-position-right .elementor-image-box-wrapper{text-align:right;flex-direction:row-reverse}.elementor-widget-image-box.elementor-position-left .elementor-image-box-wrapper{text-align:left;flex-direction:row}.elementor-widget-image-box.elementor-position-top .elementor-image-box-img{margin:auto}.elementor-widget-image-box.elementor-vertical-align-top .elementor-image-box-wrapper{align-items:flex-start}.elementor-widget-image-box.elementor-vertical-align-middle .elementor-image-box-wrapper{align-items:center}.elementor-widget-image-box.elementor-vertical-align-bottom .elementor-image-box-wrapper{align-items:flex-end}}@media (max-width:767px){.elementor-widget-image-box .elementor-image-box-img{margin-left:auto!important;margin-right:auto!important;margin-bottom:15px}}.elementor-widget-image-box .elementor-image-box-img{display:inline-block}.elementor-widget-image-box .elementor-image-box-title a{color:inherit}.elementor-widget-image-box .elementor-image-box-wrapper{text-align:center}.elementor-widget-image-box .elementor-image-box-description{margin:0} Publikacje w bazie \u201eDorobek\u201d \u00bb ORCID \u00bb Asystent w Katedrze Zarz\u0105dzania Procesowego. Specjalista w zakresie zarz\u0105dzania, finans\u00f3w przedsi\u0119biorstw i psychologii biznesu. Rozwija si\u0119 r\u00f3wnie\u017c w kierunku psychologii osobowo\u015bci. Zwi\u0105zana z bran\u017c\u0105 informatyczn\u0105, winiarsk\u0105, artystyczn\u0105 i trzecim sektorem. Cz\u0142onek zarz\u0105du Fundacji Vitellonis. Badacz sektora kultury i organizacji biznesowych. Specjalizuje si\u0119 w badaniach metodami jako\u015bciowymi i mieszanymi. W ramach dzia\u0142alno\u015bci naukowo-badawczej podejmuje problematyk\u0119: systemowego uj\u0119cia organizacji; zarz\u0105dzania procesem produkcyjnym; innowacji produktowych; gier organizacyjnych; strategii przedsi\u0119biorstw; ekonomicznych i finansowych uwarunkowa\u0144 dzia\u0142alno\u015bci przedsi\u0119biorstw; koncepcji przyw\u00f3dztwa; psychologicznych i etycznych aspekt\u00f3w funkcjonowania cz\u0142owieka w organizacji. Ponadto rozwija problematyk\u0119 zarz\u0105dzania w kulturze. W ostatnim okresie rozwija si\u0119 naukowo w dw\u00f3ch obszarach: zarz\u0105dzania teatrem (koncentruj\u0105c si\u0119 na kompetencyjnej perspektywie proces\u00f3w zarz\u0105dzania teatrami o r\u00f3\u017cnych formach w\u0142asno\u015bci) oraz zarz\u0105dzania procesami wdro\u017ceniowymi technologii nowej generacji. Rezultatem po\u0142\u0105czenia tych zainteresowa\u0144 jest projekt badawczy: \u201eZarz\u0105dzanie wsp\u00f3\u0142czesnym teatrem w warunkach post\u0119puj\u0105cych zmian technologicznych z uwzgl\u0119dnieniem perspektywy mi\u0119dzynarodowej\u201d. Cz\u0142onek zespo\u0142\u00f3w eksperckich ds. implementacji sztucznej inteligencji w procesach biznesowych. Specjalizuje si\u0119 przede wszystkim w modelach AI wykorzystuj\u0105cych dane behawioralne. Wsp\u00f3\u0142pracuje z zagranicznymi organizacjami i o\u015brodkami badawczymi (m.in. we W\u0142oszech, Chorwacji, Holandii, Czechach i USA). Jest inicjatorem i koordynatorem umowy o wsp\u00f3\u0142pracy naukowej mi\u0119dzy UEK a EFOS w Chorwacji.<\/p>\n","protected":false},"author":15,"featured_media":2017,"parent":0,"menu_order":0,"template":"elementor_header_footer","format":"standard","meta":[],"tags":[],"kategoria-pracownicy":[109],"class_list":["post-2005","pracownicy","type-pracownicy","status-publish","format-standard","has-post-thumbnail","hentry","kategoria-pracownicy-pracownicy-pl"],"_links":{"self":[{"href":"https:\/\/injzp.uek.krakow.pl\/kzp\/wp-json\/wp\/v2\/pracownicy\/2005","targetHints":{"allow":["GET"]}}],"collection":[{"href":"https:\/\/injzp.uek.krakow.pl\/kzp\/wp-json\/wp\/v2\/pracownicy"}],"about":[{"href":"https:\/\/injzp.uek.krakow.pl\/kzp\/wp-json\/wp\/v2\/types\/pracownicy"}],"author":[{"embeddable":true,"href":"https:\/\/injzp.uek.krakow.pl\/kzp\/wp-json\/wp\/v2\/users\/15"}],"version-history":[{"count":25,"href":"https:\/\/injzp.uek.krakow.pl\/kzp\/wp-json\/wp\/v2\/pracownicy\/2005\/revisions"}],"predecessor-version":[{"id":2322,"href":"https:\/\/injzp.uek.krakow.pl\/kzp\/wp-json\/wp\/v2\/pracownicy\/2005\/revisions\/2322"}],"wp:featuredmedia":[{"embeddable":true,"href":"https:\/\/injzp.uek.krakow.pl\/kzp\/wp-json\/wp\/v2\/media\/2017"}],"wp:attachment":[{"href":"https:\/\/injzp.uek.krakow.pl\/kzp\/wp-json\/wp\/v2\/media?parent=2005"}],"wp:term":[{"taxonomy":"post_tag","embeddable":true,"href":"https:\/\/injzp.uek.krakow.pl\/kzp\/wp-json\/wp\/v2\/tags?post=2005"},{"taxonomy":"kategoria-pracownicy","embeddable":true,"href":"https:\/\/injzp.uek.krakow.pl\/kzp\/wp-json\/wp\/v2\/kategoria-pracownicy?post=2005"}],"curies":[{"name":"wp","href":"https:\/\/api.w.org\/{rel}","templated":true}]}}